{"id":2436,"date":"2023-05-28T18:56:38","date_gmt":"2023-05-28T18:56:38","guid":{"rendered":"https:\/\/www.mauro-lucini.it\/shop\/para-iadesi-ve-iade"},"modified":"2024-12-14T07:17:20","modified_gmt":"2024-12-14T07:17:20","slug":"para-iadesi-ve-iade","status":"publish","type":"page","link":"https:\/\/www.mauro-lucini.it\/tr\/para-iadesi-ve-iade\/","title":{"rendered":"Para \u0130adesi ve \u0130ade"},"content":{"rendered":"\n<p><\/p>\n\n<p>Kullan\u0131c\u0131lar i\u00e7in bilgiler &#8211; Cayma hakk\u0131<\/p>\n\n<p><\/p>\n\n<p>say\u0131l\u0131 Kanun H\u00fckm\u00fcnde Kararname uyar\u0131nca. 206\/2005 (&#8216;T\u00fcketici Kanunu&#8217;) uyar\u0131nca kullan\u0131c\u0131, \u00fcr\u00fcn\u00fc teslim ald\u0131\u011f\u0131 tarihten itibaren 14 g\u00fcnl\u00fck bir s\u00fcre i\u00e7erisinde herhangi bir sebep g\u00f6stermeksizin sat\u0131n alma s\u00f6zle\u015fmesinden cayma hakk\u0131na sahiptir. Bu cayma hakk\u0131 yaln\u0131zca <a href=\"https:\/\/www.mauro-lucini.it\/tr\">www.mauro-lucini.it<\/a> web sitesinden (bundan b\u00f6yle &#8216;Site&#8217; olarak an\u0131lacakt\u0131r) yap\u0131lan al\u0131\u015fveri\u015fler i\u00e7in ge\u00e7erlidir.<\/p>\n\n<p><\/p>\n\n<p>Cayma hakk\u0131n\u0131n kullan\u0131lmas\u0131<\/p>\n\n<p>Cayma hakk\u0131n\u0131 kullanmak i\u00e7in, s\u00f6zle\u015fmeden cayma karar\u0131n\u0131z\u0131 e-posta veya ba\u015fka bir yaz\u0131l\u0131 ileti\u015fim yoluyla g\u00f6nderilen a\u00e7\u0131k bir beyan yoluyla bize bildirmeniz gerekir. Zorunlu olmamakla birlikte, Sitede bulunan cayma formunu kullanabilirsiniz.<\/p>\n\n<p><\/p>\n\n<p>\u00dcr\u00fcnlerin iadesi<\/p>\n\n<p>Cayma hakk\u0131n\u0131n kullan\u0131lmas\u0131 halinde kullan\u0131c\u0131, s\u00f6zle\u015fmeden cayma karar\u0131n\u0131 bildirdi\u011fi tarihten itibaren 14 g\u00fcn i\u00e7inde teslim ald\u0131\u011f\u0131 \u00fcr\u00fcnleri iade etmelidir. \u0130ade nedeni bizim hatam\u0131zdan veya \u00fcr\u00fcndeki bir kusurdan kaynaklanmad\u0131\u011f\u0131 s\u00fcrece, iade edilen \u00fcr\u00fcnlerin nakliye masraflar\u0131ndan siz sorumlusunuz.<\/p>\n\n<p><\/p>\n\n<p>\u0130ade edilen \u00fcr\u00fcnlerin ko\u015fullar\u0131<\/p>\n\n<p>\u0130ade edilen \u00fcr\u00fcnler orijinal, kullan\u0131lmam\u0131\u015f durumda ve t\u00fcm orijinal aksesuarlar\u0131 ve etiketleriyle birlikte eksiksiz olmal\u0131d\u0131r. Para iadesine ge\u00e7meden \u00f6nce iade edilen \u00fcr\u00fcnlerin durumunu de\u011ferlendirme hakk\u0131m\u0131z sakl\u0131d\u0131r.<\/p>\n\n<p><\/p>\n\n<p>Para iadesi<\/p>\n\n<p>Cayma hakk\u0131n\u0131n ge\u00e7erli bir \u015fekilde kullan\u0131lmas\u0131 durumunda, standart teslimat masraflar\u0131 da dahil olmak \u00fczere (standart teklifimiz d\u0131\u015f\u0131nda bir teslimat y\u00f6ntemi se\u00e7menizden kaynaklanan ek masraflar hari\u00e7) taraf\u0131n\u0131zdan \u00f6denen tutar\u0131, iade edilen \u00fcr\u00fcnlerin taraf\u0131m\u0131za ula\u015ft\u0131\u011f\u0131 tarihten veya \u00fcr\u00fcnlerin g\u00f6nderildi\u011fini kan\u0131tlad\u0131\u011f\u0131n\u0131z tarihten (hangisi daha \u00f6nceyse) itibaren 14 g\u00fcn i\u00e7inde iade edece\u011fiz.<\/p>\n\n<p><\/p>\n\n<p>Cayma hakk\u0131n\u0131n istisnalar\u0131<\/p>\n\n<p>Cayma hakk\u0131 a\u015fa\u011f\u0131daki durumlarda ge\u00e7erli de\u011fildir:<\/p>\n\n<ul class=\"wp-block-list\">\n<li>\u00d6zelle\u015ftirilmi\u015f veya ki\u015fiye \u00f6zel \u00fcr\u00fcnler;<\/li>\n\n\n\n<li>Teslimattan sonra a\u00e7\u0131lmas\u0131 halinde hijyen veya sa\u011fl\u0131\u011f\u0131n korunmas\u0131 nedeniyle iade edilemeyen m\u00fch\u00fcrl\u00fc \u00fcr\u00fcnler;<\/li>\n\n\n\n<li>\u00c7abuk bozulma veya son kullanma tarihi ge\u00e7me tehlikesi olan \u00fcr\u00fcnler;<\/li>\n\n\n\n<li>Teslimattan sonra a\u00e7\u0131lm\u0131\u015fsa, m\u00fch\u00fcrl\u00fc ses veya video \u00fcr\u00fcnleri veya m\u00fch\u00fcrl\u00fc yaz\u0131l\u0131mlar.<\/li>\n<\/ul>\n\n<p>\u0130leti\u015fim<\/p>\n\n<p>Cayma hakk\u0131n\u0131z\u0131 kullanmak veya daha fazla bilgi almak i\u00e7in, Sitede verilen ileti\u015fim bilgilerini kullanarak <a href=\"mailto:mauro@mauro-lucini.it\">bizimle ileti\u015fime<\/a> ge\u00e7ebilirsiniz.<\/p>\n\n<p><\/p>\n\n<p><\/p>\n\n<p><\/p>\n\n<p><\/p>\n","protected":false},"excerpt":{"rendered":"<p>Kullan\u0131c\u0131lar i\u00e7in bilgiler &#8211; Cayma hakk\u0131 say\u0131l\u0131 Kanun H\u00fckm\u00fcnde Kararname uyar\u0131nca. 206\/2005 (&#8216;T\u00fcketici Kanunu&#8217;) uyar\u0131nca kullan\u0131c\u0131, \u00fcr\u00fcn\u00fc teslim ald\u0131\u011f\u0131 tarihten itibaren 14 g\u00fcnl\u00fck bir s\u00fcre i\u00e7erisinde herhangi bir sebep g\u00f6stermeksizin sat\u0131n alma s\u00f6zle\u015fmesinden cayma hakk\u0131na sahiptir. Bu cayma hakk\u0131 yaln\u0131zca www.mauro-lucini.it web sitesinden (bundan b\u00f6yle &#8216;Site&#8217; olarak an\u0131lacakt\u0131r) yap\u0131lan al\u0131\u015fveri\u015fler i\u00e7in ge\u00e7erlidir. Cayma hakk\u0131n\u0131n kullan\u0131lmas\u0131 [&hellip;]<\/p>\n","protected":false},"author":1,"featured_media":0,"parent":0,"menu_order":4,"comment_status":"closed","ping_status":"closed","template":"","meta":{"_coblocks_attr":"","_coblocks_dimensions":"","_coblocks_responsive_height":"","_coblocks_accordion_ie_support":"","hide_page_title":"","footnotes":""},"class_list":["post-2436","page","type-page","status-publish","hentry"],"yoast_head":"<!-- This site is optimized with the Yoast SEO plugin v27.4 - https:\/\/yoast.com\/product\/yoast-seo-wordpress\/ -->\n<title>Para \u0130adesi ve \u0130ade - Mauro Lucini - Liutaio a Cremona<\/title>\n<meta name=\"description\" content=\"Mauro Lucini&#039;nin Cremona kemanlar\u0131 online ma\u011fazas\u0131ndaki herhangi bir sipari\u015f i\u00e7in 30 g\u00fcnl\u00fck cayma hakk\u0131n\u0131z vard\u0131r\" \/>\n<meta name=\"robots\" content=\"index, follow, max-snippet:-1, max-image-preview:large, max-video-preview:-1\" \/>\n<link rel=\"canonical\" href=\"https:\/\/www.mauro-lucini.it\/tr\/para-iadesi-ve-iade\/\" \/>\n<meta property=\"og:locale\" content=\"tr_TR\" \/>\n<meta property=\"og:type\" content=\"article\" \/>\n<meta property=\"og:title\" content=\"Para \u0130adesi ve \u0130ade - Mauro Lucini - Liutaio a Cremona\" \/>\n<meta property=\"og:description\" content=\"Mauro Lucini&#039;nin Cremona kemanlar\u0131 online ma\u011fazas\u0131ndaki herhangi bir sipari\u015f i\u00e7in 30 g\u00fcnl\u00fck cayma hakk\u0131n\u0131z vard\u0131r\" \/>\n<meta property=\"og:url\" content=\"https:\/\/www.mauro-lucini.it\/tr\/para-iadesi-ve-iade\/\" \/>\n<meta property=\"og:site_name\" content=\"Mauro Lucini - Liutaio a Cremona\" \/>\n<meta property=\"article:modified_time\" content=\"2024-12-14T07:17:20+00:00\" \/>\n<meta name=\"twitter:card\" content=\"summary_large_image\" \/>\n<!-- \/ Yoast SEO plugin. -->","yoast_head_json":{"title":"Para \u0130adesi ve \u0130ade - Mauro Lucini - Liutaio a Cremona","description":"Mauro Lucini'nin Cremona kemanlar\u0131 online ma\u011fazas\u0131ndaki herhangi bir sipari\u015f i\u00e7in 30 g\u00fcnl\u00fck cayma hakk\u0131n\u0131z vard\u0131r","robots":{"index":"index","follow":"follow","max-snippet":"max-snippet:-1","max-image-preview":"max-image-preview:large","max-video-preview":"max-video-preview:-1"},"canonical":"https:\/\/www.mauro-lucini.it\/tr\/para-iadesi-ve-iade\/","og_locale":"tr_TR","og_type":"article","og_title":"Para \u0130adesi ve \u0130ade - Mauro Lucini - Liutaio a Cremona","og_description":"Mauro Lucini'nin Cremona kemanlar\u0131 online ma\u011fazas\u0131ndaki herhangi bir sipari\u015f i\u00e7in 30 g\u00fcnl\u00fck cayma hakk\u0131n\u0131z vard\u0131r","og_url":"https:\/\/www.mauro-lucini.it\/tr\/para-iadesi-ve-iade\/","og_site_name":"Mauro Lucini - Liutaio a Cremona","article_modified_time":"2024-12-14T07:17:20+00:00","twitter_card":"summary_large_image","schema":{"@context":"https:\/\/schema.org","@graph":[{"@type":"WebPage","@id":"https:\/\/www.mauro-lucini.it\/tr\/para-iadesi-ve-iade\/","url":"https:\/\/www.mauro-lucini.it\/tr\/para-iadesi-ve-iade\/","name":"Para \u0130adesi ve \u0130ade - Mauro Lucini - Liutaio a Cremona","isPartOf":{"@id":"https:\/\/www.mauro-lucini.it\/tr\/#website"},"datePublished":"2023-05-28T18:56:38+00:00","dateModified":"2024-12-14T07:17:20+00:00","description":"Mauro Lucini'nin Cremona kemanlar\u0131 online ma\u011fazas\u0131ndaki herhangi bir sipari\u015f i\u00e7in 30 g\u00fcnl\u00fck cayma hakk\u0131n\u0131z vard\u0131r","breadcrumb":{"@id":"https:\/\/www.mauro-lucini.it\/tr\/para-iadesi-ve-iade\/#breadcrumb"},"inLanguage":"tr","potentialAction":[{"@type":"ReadAction","target":["https:\/\/www.mauro-lucini.it\/tr\/para-iadesi-ve-iade\/"]}]},{"@type":"BreadcrumbList","@id":"https:\/\/www.mauro-lucini.it\/tr\/para-iadesi-ve-iade\/#breadcrumb","itemListElement":[{"@type":"ListItem","position":1,"name":"Home","item":"https:\/\/www.mauro-lucini.it\/tr\/"},{"@type":"ListItem","position":2,"name":"Para \u0130adesi ve \u0130ade"}]},{"@type":"WebSite","@id":"https:\/\/www.mauro-lucini.it\/tr\/#website","url":"https:\/\/www.mauro-lucini.it\/tr\/","name":"Mauro Lucini - Liutaio a Cremona","description":"Mauro Lucini liutaio a Cremona - 40 anni di passione ed esperienza","publisher":{"@id":"https:\/\/www.mauro-lucini.it\/tr\/#organization"},"potentialAction":[{"@type":"SearchAction","target":{"@type":"EntryPoint","urlTemplate":"https:\/\/www.mauro-lucini.it\/tr\/?s={search_term_string}"},"query-input":{"@type":"PropertyValueSpecification","valueRequired":true,"valueName":"search_term_string"}}],"inLanguage":"tr"},{"@type":"Organization","@id":"https:\/\/www.mauro-lucini.it\/tr\/#organization","name":"Mauro Lucini - Liutaio a Cremona","url":"https:\/\/www.mauro-lucini.it\/tr\/","logo":{"@type":"ImageObject","inLanguage":"tr","@id":"https:\/\/www.mauro-lucini.it\/tr\/#\/schema\/logo\/image\/","url":"https:\/\/www.mauro-lucini.it\/wp-content\/uploads\/2024\/09\/Mauro-Lucini-Liutaio-Cremona.png","contentUrl":"https:\/\/www.mauro-lucini.it\/wp-content\/uploads\/2024\/09\/Mauro-Lucini-Liutaio-Cremona.png","width":480,"height":84,"caption":"Mauro Lucini - Liutaio a Cremona"},"image":{"@id":"https:\/\/www.mauro-lucini.it\/tr\/#\/schema\/logo\/image\/"}}]}},"_links":{"self":[{"href":"https:\/\/www.mauro-lucini.it\/tr\/wp-json\/wp\/v2\/pages\/2436","targetHints":{"allow":["GET"]}}],"collection":[{"href":"https:\/\/www.mauro-lucini.it\/tr\/wp-json\/wp\/v2\/pages"}],"about":[{"href":"https:\/\/www.mauro-lucini.it\/tr\/wp-json\/wp\/v2\/types\/page"}],"author":[{"embeddable":true,"href":"https:\/\/www.mauro-lucini.it\/tr\/wp-json\/wp\/v2\/users\/1"}],"replies":[{"embeddable":true,"href":"https:\/\/www.mauro-lucini.it\/tr\/wp-json\/wp\/v2\/comments?post=2436"}],"version-history":[{"count":1,"href":"https:\/\/www.mauro-lucini.it\/tr\/wp-json\/wp\/v2\/pages\/2436\/revisions"}],"predecessor-version":[{"id":2438,"href":"https:\/\/www.mauro-lucini.it\/tr\/wp-json\/wp\/v2\/pages\/2436\/revisions\/2438"}],"wp:attachment":[{"href":"https:\/\/www.mauro-lucini.it\/tr\/wp-json\/wp\/v2\/media?parent=2436"}],"curies":[{"name":"wp","href":"https:\/\/api.w.org\/{rel}","templated":true}]}}