{"id":2413,"date":"2023-05-28T17:32:28","date_gmt":"2023-05-28T17:32:28","guid":{"rendered":"https:\/\/www.mauro-lucini.it\/mauro-lucini-atolyesi-cremonada-keman-yapimcisi"},"modified":"2025-09-05T20:07:35","modified_gmt":"2025-09-05T20:07:35","slug":"mauro-lucini-atolyesi-cremonada-keman-yapimcisi","status":"publish","type":"page","link":"https:\/\/www.mauro-lucini.it\/tr\/","title":{"rendered":"Mauro Lucini at\u00f6lyesi &#8211; Cremona&#8217;da keman yap\u0131mc\u0131s\u0131"},"content":{"rendered":"\n<div class=\"wp-block-cover alignfull mb-0 mt-0\" style=\"min-height:2131px;aspect-ratio:unset;\"><img loading=\"lazy\" decoding=\"async\" width=\"2560\" height=\"1703\" class=\"wp-block-cover__image-background wp-image-370\" alt=\"\" src=\"https:\/\/www.mauro-lucini.it\/wp-content\/uploads\/2023\/05\/crop-0-0-2560-1703-0-DSC_3681x-scaled.jpg\" data-object-fit=\"cover\" srcset=\"https:\/\/www.mauro-lucini.it\/wp-content\/uploads\/2023\/05\/crop-0-0-2560-1703-0-DSC_3681x-scaled.jpg 2560w, https:\/\/www.mauro-lucini.it\/wp-content\/uploads\/2023\/05\/crop-0-0-2560-1703-0-DSC_3681x-scaled-300x200.jpg 300w, https:\/\/www.mauro-lucini.it\/wp-content\/uploads\/2023\/05\/crop-0-0-2560-1703-0-DSC_3681x-scaled-1024x681.jpg 1024w, https:\/\/www.mauro-lucini.it\/wp-content\/uploads\/2023\/05\/crop-0-0-2560-1703-0-DSC_3681x-scaled-768x511.jpg 768w, https:\/\/www.mauro-lucini.it\/wp-content\/uploads\/2023\/05\/crop-0-0-2560-1703-0-DSC_3681x-scaled-1536x1022.jpg 1536w, https:\/\/www.mauro-lucini.it\/wp-content\/uploads\/2023\/05\/crop-0-0-2560-1703-0-DSC_3681x-scaled-2048x1362.jpg 2048w, https:\/\/www.mauro-lucini.it\/wp-content\/uploads\/2023\/05\/crop-0-0-2560-1703-0-DSC_3681x-scaled-600x399.jpg 600w\" sizes=\"auto, (max-width: 2560px) 100vw, 2560px\" \/><span aria-hidden=\"true\" class=\"wp-block-cover__background has-tertiary-background-color has-background-dim\"><\/span><div class=\"wp-block-cover__inner-container is-layout-flow wp-block-cover-is-layout-flow\">\n<h2 class=\"wp-block-heading has-text-align-center has-secondary-color has-text-color\">Cremonese keman yap\u0131mc\u0131lar\u0131n\u0131n sanat\u0131 onun ellerinde.  <\/h2>\n\n\n\n<p class=\"has-secondary-color has-text-color\">&#8220;M\u00fczik ruhlar\u0131 b\u00fcy\u00fcler, ama Cremona keman yap\u0131mc\u0131lar\u0131n\u0131n eserleri onlar\u0131 \u00f6l\u00fcms\u00fcz k\u0131lar.&#8221; Gelin, Mauro Lucini&#8217;nin Piazza San Michele&#8217;deki tarihi at\u00f6lyesinde keman harikalar\u0131 \u015fehri Cremona&#8217;y\u0131 ke\u015ffedin. Cremonal\u0131 luthier Mauro Lucini&#8217;nin Cremona, Piazza San Michele 7&#8217;deki at\u00f6lyesinde zanaatk\u00e2rl\u0131k ve tutku bir araya gelerek ses sanat\u0131 eserleri yarat\u0131yor. Ah\u015fab\u0131n nas\u0131l titre\u015fti\u011fini, tellerin nas\u0131l dans etti\u011fini ve sesin nas\u0131l hareket etti\u011fini hissedin. Bu, y\u00fczy\u0131llar\u0131n m\u00fczikal miras\u0131n\u0131 sizinle payla\u015fmaya haz\u0131r olan Cremona keman yap\u0131mc\u0131lar\u0131n\u0131n b\u00fcy\u00fcs\u00fcd\u00fcr. Luthier Mauro Lucini&#8217;nin at\u00f6lyesine gelin ve d\u00fcnyay\u0131 fetheden kemanlar\u0131n g\u00fczelli\u011fi kar\u015f\u0131s\u0131nda b\u00fcy\u00fclenin.  <\/p>\n\n\n\n<p><\/p>\n\n\n\n<figure class=\"wp-block-image alignfull size-large is-style-default\"><img loading=\"lazy\" decoding=\"async\" width=\"681\" height=\"1024\" src=\"https:\/\/www.mauro-lucini.it\/wp-content\/uploads\/2023\/06\/liutaio-mauro-lucini-681x1024.jpg\" alt=\"Luthier Mauro Lucini\" class=\"wp-image-231\" srcset=\"https:\/\/www.mauro-lucini.it\/wp-content\/uploads\/2023\/06\/liutaio-mauro-lucini-681x1024.jpg 681w, https:\/\/www.mauro-lucini.it\/wp-content\/uploads\/2023\/06\/liutaio-mauro-lucini-200x300.jpg 200w, https:\/\/www.mauro-lucini.it\/wp-content\/uploads\/2023\/06\/liutaio-mauro-lucini-768x1154.jpg 768w, https:\/\/www.mauro-lucini.it\/wp-content\/uploads\/2023\/06\/liutaio-mauro-lucini-1022x1536.jpg 1022w, https:\/\/www.mauro-lucini.it\/wp-content\/uploads\/2023\/06\/liutaio-mauro-lucini-1363x2048.jpg 1363w, https:\/\/www.mauro-lucini.it\/wp-content\/uploads\/2023\/06\/liutaio-mauro-lucini-600x902.jpg 600w, https:\/\/www.mauro-lucini.it\/wp-content\/uploads\/2023\/06\/liutaio-mauro-lucini-scaled.jpg 1703w\" sizes=\"auto, (max-width: 681px) 100vw, 681px\" \/><\/figure>\n\n\n\n<h2 class=\"wp-block-heading has-text-align-center has-secondary-color has-text-color\">Deneyim ve ustal\u0131\u011f\u0131 birle\u015ftiren ara\u00e7lar<\/h2>\n\n\n\n<p class=\"has-secondary-color has-text-color\">Cremona&#8217;da 40 y\u0131l\u0131 a\u015fk\u0131n deneyime sahip bir luthier olan Mauro Lucini ve meslekta\u015flar\u0131, zanaatkarl\u0131k ve tutkuyu birle\u015ftiren enstr\u00fcmanlar yaratt\u0131. Uzun ve \u015fanl\u0131 bir kariyerin ard\u0131ndan k\u0131sa bir s\u00fcre \u00f6nce emekli oldu ve de\u011ferli miras\u0131n\u0131 de\u011ferli meslekta\u015flar\u0131n\u0131n bak\u0131m\u0131na emanet etti. Keman yap\u0131mc\u0131s\u0131 Mauro Lucini, emekli olmas\u0131na ra\u011fmen \u00e7ok sevdi\u011fi at\u00f6lyesinde keman yap\u0131mc\u0131lar\u0131n\u0131n \u00e7al\u0131\u015fmalar\u0131n\u0131 d\u00fczenli olarak denetlemeye, gelene\u011fi s\u00fcrd\u00fcrmeye ve eserlerin kusursuz kalitesini sa\u011flamaya devam ediyor. Onun s\u00fcrekli varl\u0131\u011f\u0131 ve rehberli\u011fi, sanatsal vizyonunun ve paha bi\u00e7ilmez bilgi birikiminin, d\u00fcnyan\u0131n d\u00f6rt bir yan\u0131ndaki m\u00fczisyenlere zevk ve ilham vermek i\u00e7in at\u00f6lyesinden \u00e7\u0131kan sanat eserlerinde ya\u015famas\u0131n\u0131 sa\u011fl\u0131yor.<\/p>\n\n\n\n<p><\/p>\n\n\n\n<h2 class=\"wp-block-heading has-text-align-center has-secondary-color has-text-color\">Ses ve g\u00fczellikte m\u00fckemmellik<\/h2>\n\n\n\n<p class=\"has-secondary-color has-text-color\">Tarihi keman yap\u0131m at\u00f6lyesinde, luthier Mauro Lucini ve meslekta\u015flar\u0131 ola\u011fan\u00fcst\u00fc ses kalitesi ve g\u00fczelli\u011fe sahip enstr\u00fcmanlar \u00fcretiyor. Yaratt\u0131\u011f\u0131 kemanlar aras\u0131nda, at\u00f6lyesinde cilalanan basit kemanlar\u0131n yan\u0131 s\u0131ra titiz bir i\u015f\u00e7ili\u011fin \u00fcr\u00fcn\u00fc olan ve uzun y\u0131llara dayanan deneyimi sayesinde ola\u011fan\u00fcst\u00fc ses kalitesi elde etmek i\u00e7in s\u00fcrekli olarak m\u00fckemmelle\u015ftirilen usta kemanlar da yer al\u0131yor. Mauro Lucini, prestijli konser enstr\u00fcmanlar\u0131n\u0131n yap\u0131m\u0131nda da y\u00fczlerce saatlik sab\u0131rl\u0131 bir i\u015f\u00e7ili\u011fe yat\u0131r\u0131m yap\u0131yor. Her ayr\u0131nt\u0131, luthier&#8217;in ruhunu ve i\u015f\u00e7ili\u011fini ifade eden otantik ba\u015fyap\u0131tlar yaratmak i\u00e7in son derece hassas bir \u015fekilde i\u015flenir.<\/p>\n<\/div><\/div>\n\n<div class=\"wp-block-columns alignwide is-layout-flex wp-container-core-columns-is-layout-9d6595d7 wp-block-columns-is-layout-flex\">\n<div class=\"wp-block-column is-layout-flow wp-block-column-is-layout-flow\" style=\"flex-basis:66.66%\">\n<h2 class=\"wp-block-heading\">Cremona&#8217;da keman yap\u0131mc\u0131s\u0131: sanatsal i\u015f\u00e7ilikte onlarca y\u0131ll\u0131k deneyim<\/h2>\n\n\n\n<p>Uluslararas\u0131 \u00fcne sahip keman yap\u0131mc\u0131s\u0131 Mauro Lucini ve Corilon violins srl&#8217;deki luthier arkada\u015flar\u0131yla Cremonese kemanlar\u0131n\u0131n m\u00fckemmelli\u011fini ke\u015ffedin. Piazza San Michele&#8217;deki tarihi at\u00f6lyesinde luthier Mauro Lucini ve meslekta\u015flar\u0131, d\u00fcnyan\u0131n d\u00f6rt bir yan\u0131ndan m\u00fczikseverleri b\u00fcy\u00fcleyen kemanlar yap\u0131yor ve m\u00fckemmelle\u015ftiriyor. Officina Mauro Lucini, nesilden nesile aktar\u0131lan zanaatk\u00e2rl\u0131k becerilerini yenilik\u00e7i tekniklerle birle\u015ftirerek e\u015fsiz g\u00fczellikte ve seste eri\u015filebilir enstr\u00fcmanlar yarat\u0131yor. En iyi ah\u015faplar\u0131n se\u00e7iminden, kreasyonlar\u0131na zamans\u0131z bir zarafet havas\u0131 veren hassas son r\u00f6tu\u015flara kadar her ayr\u0131nt\u0131 son derece hassas bir \u015fekilde ger\u00e7ekle\u015ftiriliyor. D\u00fcnyan\u0131n d\u00f6rt bir yan\u0131ndaki kemanc\u0131lar, virt\u00fc\u00f6zler ve koleksiyonerler taraf\u0131ndan takdir edilen Officina Mauro Lucini&#8217;nin kemanlar\u0131, ses sanat\u0131n\u0131n \u00f6zg\u00fcn eserleridir. Cremona&#8217;daki b\u00fcy\u00fcleyici keman yap\u0131m at\u00f6lyesini ziyaret edin. Mauro Lucini ve meslekta\u015flar\u0131, m\u00fczik tutkusunu sizinle payla\u015fmaktan ve Cremonese keman yap\u0131m gelene\u011finin kalbinde size unutulmaz bir deneyim sunmaktan mutluluk duyacakt\u0131r.<\/p>\n\n\n\n<figure class=\"wp-block-image\"><img loading=\"lazy\" decoding=\"async\" width=\"1024\" height=\"763\" src=\"https:\/\/www.mauro-lucini.it\/wp-content\/uploads\/2023\/05\/piazza-san-michele-cremona-1024x763.jpg\" alt=\"\" class=\"wp-image-50\" srcset=\"https:\/\/www.mauro-lucini.it\/wp-content\/uploads\/2023\/05\/piazza-san-michele-cremona-1024x763.jpg 1024w, https:\/\/www.mauro-lucini.it\/wp-content\/uploads\/2023\/05\/piazza-san-michele-cremona-scaled-600x447.jpg 600w, https:\/\/www.mauro-lucini.it\/wp-content\/uploads\/2023\/05\/piazza-san-michele-cremona-300x224.jpg 300w, https:\/\/www.mauro-lucini.it\/wp-content\/uploads\/2023\/05\/piazza-san-michele-cremona-768x572.jpg 768w, https:\/\/www.mauro-lucini.it\/wp-content\/uploads\/2023\/05\/piazza-san-michele-cremona-1536x1145.jpg 1536w, https:\/\/www.mauro-lucini.it\/wp-content\/uploads\/2023\/05\/piazza-san-michele-cremona-2048x1526.jpg 2048w\" sizes=\"auto, (max-width: 1024px) 100vw, 1024px\" \/><\/figure>\n<\/div>\n\n\n\n<div class=\"wp-block-column is-layout-flow wp-block-column-is-layout-flow\" style=\"flex-basis:33.33%\">\n<p><strong>Cremona&#8217;da keman yap\u0131mc\u0131s\u0131<\/strong><\/p>\n\n\n\n<p>Mauro Lucini At\u00f6lye \u00c7al\u0131\u015fmas\u0131<\/p>\n\n\n\n<p>Aziz Michael Meydan\u0131, 7<\/p>\n\n\n\n<p>26100 Cremona (CR)<\/p>\n\n\n\n<p><br\/>mauro@mauro-lucini.it t. 327 8445119<\/p>\n<\/div>\n<\/div>\n\n<h2 class=\"wp-block-heading has-text-align-center\"><\/h2>\n<div data-align-buttons=\"true\" data-block-name=\"woocommerce\/product-new\" data-content-visibility=\"{&quot;image&quot;:true,&quot;title&quot;:true,&quot;price&quot;:true,&quot;rating&quot;:false,&quot;button&quot;:false}\" data-stock-status=\"[&quot;&quot;,&quot;&quot;,&quot;&quot;,&quot;instock&quot;,&quot;onbackorder&quot;,&quot;outofstock&quot;]\" class=\"wc-block-grid wp-block-product-new wp-block-woocommerce-product-new wc-block-product-new has-3-columns has-multiple-rows alignwide has-aligned-buttons\"><ul class=\"wc-block-grid__products\"><li class=\"wc-block-grid__product\">\n\t\t\t\t<a href=\"https:\/\/www.mauro-lucini.it\/tr\/negozio-di-violini\/kemanlari-cremonese\/antonio-stradivariye-gore-cremonadan-keman-officina-mauro-lucini-no-72\/\" class=\"wc-block-grid__product-link\">\n\t\t\t\t\t\n\t\t\t\t\t<div class=\"wc-block-grid__product-image\"><img loading=\"lazy\" decoding=\"async\" width=\"300\" height=\"300\" src=\"https:\/\/www.mauro-lucini.it\/wp-content\/uploads\/2025\/05\/mauro-lucini-creona-n72-1-300x300.jpg\" class=\"attachment-woocommerce_thumbnail size-woocommerce_thumbnail\" alt=\"Antonio Stradivari&#039;ye g\u00f6re Cremona&#039;dan keman, Officina Mauro Lucini no. 72\" srcset=\"https:\/\/www.mauro-lucini.it\/wp-content\/uploads\/2025\/05\/mauro-lucini-creona-n72-1-300x300.jpg 300w, https:\/\/www.mauro-lucini.it\/wp-content\/uploads\/2025\/05\/mauro-lucini-creona-n72-1-150x150.jpg 150w, https:\/\/www.mauro-lucini.it\/wp-content\/uploads\/2025\/05\/mauro-lucini-creona-n72-1-100x100.jpg 100w\" sizes=\"auto, (max-width: 300px) 100vw, 300px\" \/><\/div>\n\t\t\t\t\t<div class=\"wc-block-grid__product-title\">Antonio Stradivari&#8217;ye g\u00f6re Cremona&#8217;dan keman, Officina Mauro Lucini no. 72<\/div>\n\t\t\t\t<\/a>\n\t\t\t\t<div class=\"wc-block-grid__product-price price\"><span class=\"woocommerce-Price-amount amount\">4.990&nbsp;<span class=\"woocommerce-Price-currencySymbol\">&euro;<\/span><\/span><\/div>\n\t\t\t\t\n\t\t\t\t\n\t\t\t<\/li><li class=\"wc-block-grid__product\">\n\t\t\t\t<a href=\"https:\/\/www.mauro-lucini.it\/tr\/negozio-di-violini\/kemanlari-cremonese\/cremona-keman-no-69-officina-mauro-lucini-cremona-2024-sertifikali\/\" class=\"wc-block-grid__product-link\">\n\t\t\t\t\t\n\t\t\t\t\t<div class=\"wc-block-grid__product-image\"><img loading=\"lazy\" decoding=\"async\" width=\"300\" height=\"300\" src=\"https:\/\/www.mauro-lucini.it\/wp-content\/uploads\/2025\/05\/mauro-lucini-no69-1-300x300.jpg\" class=\"attachment-woocommerce_thumbnail size-woocommerce_thumbnail\" alt=\"Cremona Keman no. 69 Officina Mauro Lucini, Cremona 2024 (sertifikal\u0131)\" srcset=\"https:\/\/www.mauro-lucini.it\/wp-content\/uploads\/2025\/05\/mauro-lucini-no69-1-300x300.jpg 300w, https:\/\/www.mauro-lucini.it\/wp-content\/uploads\/2025\/05\/mauro-lucini-no69-1-150x150.jpg 150w, https:\/\/www.mauro-lucini.it\/wp-content\/uploads\/2025\/05\/mauro-lucini-no69-1-100x100.jpg 100w\" sizes=\"auto, (max-width: 300px) 100vw, 300px\" \/><\/div>\n\t\t\t\t\t<div class=\"wc-block-grid__product-title\">Cremona Keman no. 69 Officina Mauro Lucini, Cremona 2024 (sertifikal\u0131)<\/div>\n\t\t\t\t<\/a>\n\t\t\t\t<div class=\"wc-block-grid__product-price price\"><span class=\"woocommerce-Price-amount amount\">4.990&nbsp;<span class=\"woocommerce-Price-currencySymbol\">&euro;<\/span><\/span><\/div>\n\t\t\t\t\n\t\t\t\t\n\t\t\t<\/li><li class=\"wc-block-grid__product\">\n\t\t\t\t<a href=\"https:\/\/www.mauro-lucini.it\/tr\/negozio-di-violini\/kemanlari-cremonese\/keman-no-36-officina-mauro-lucini-cremona-2024\/\" class=\"wc-block-grid__product-link\">\n\t\t\t\t\t\n\t\t\t\t\t<div class=\"wc-block-grid__product-image\"><img loading=\"lazy\" decoding=\"async\" width=\"300\" height=\"300\" src=\"https:\/\/www.mauro-lucini.it\/wp-content\/uploads\/2025\/01\/mauro-lucini-guarneri-7602-1-300x300.jpg\" class=\"attachment-woocommerce_thumbnail size-woocommerce_thumbnail\" alt=\"Keman no. 36 Officina Mauro Lucini, Cremona 2024 - SATILDI\" srcset=\"https:\/\/www.mauro-lucini.it\/wp-content\/uploads\/2025\/01\/mauro-lucini-guarneri-7602-1-300x300.jpg 300w, https:\/\/www.mauro-lucini.it\/wp-content\/uploads\/2025\/01\/mauro-lucini-guarneri-7602-1-150x150.jpg 150w, https:\/\/www.mauro-lucini.it\/wp-content\/uploads\/2025\/01\/mauro-lucini-guarneri-7602-1-100x100.jpg 100w\" sizes=\"auto, (max-width: 300px) 100vw, 300px\" \/><\/div>\n\t\t\t\t\t<div class=\"wc-block-grid__product-title\">Keman no. 36 Officina Mauro Lucini, Cremona 2024 &#8211; SATILDI<\/div>\n\t\t\t\t<\/a>\n\t\t\t\t<div class=\"wc-block-grid__product-price price\"><span class=\"woocommerce-Price-amount amount\">5.990&nbsp;<span class=\"woocommerce-Price-currencySymbol\">&euro;<\/span><\/span><\/div>\n\t\t\t\t\n\t\t\t\t\n\t\t\t<\/li><li class=\"wc-block-grid__product\">\n\t\t\t\t<a href=\"https:\/\/www.mauro-lucini.it\/tr\/negozio-di-violini\/kemanlari-cremonese\/keman-no-30-officina-mauro-lucini-cremona-2024\/\" class=\"wc-block-grid__product-link\">\n\t\t\t\t\t\n\t\t\t\t\t<div class=\"wc-block-grid__product-image\"><img loading=\"lazy\" decoding=\"async\" width=\"300\" height=\"300\" src=\"https:\/\/www.mauro-lucini.it\/wp-content\/uploads\/2025\/01\/mauro-lucini-stradivari-7601-1_1890x1890-300x300.jpg\" class=\"attachment-woocommerce_thumbnail size-woocommerce_thumbnail\" alt=\"Keman no. 30 Officina Mauro Lucini, Cremona 2024 - SATILDI\" srcset=\"https:\/\/www.mauro-lucini.it\/wp-content\/uploads\/2025\/01\/mauro-lucini-stradivari-7601-1_1890x1890-300x300.jpg 300w, https:\/\/www.mauro-lucini.it\/wp-content\/uploads\/2025\/01\/mauro-lucini-stradivari-7601-1_1890x1890-150x150.jpg 150w, https:\/\/www.mauro-lucini.it\/wp-content\/uploads\/2025\/01\/mauro-lucini-stradivari-7601-1_1890x1890-100x100.jpg 100w\" sizes=\"auto, (max-width: 300px) 100vw, 300px\" \/><\/div>\n\t\t\t\t\t<div class=\"wc-block-grid__product-title\">Keman no. 30 Officina Mauro Lucini, Cremona 2024 &#8211; SATILDI<\/div>\n\t\t\t\t<\/a>\n\t\t\t\t<div class=\"wc-block-grid__product-price price\"><span class=\"woocommerce-Price-amount amount\">5.990&nbsp;<span class=\"woocommerce-Price-currencySymbol\">&euro;<\/span><\/span><\/div>\n\t\t\t\t\n\t\t\t\t\n\t\t\t<\/li><li class=\"wc-block-grid__product\">\n\t\t\t\t<a href=\"https:\/\/www.mauro-lucini.it\/tr\/negozio-di-violini\/kemanlari-cremonese\/mauro-lucini-cremona-2024-keman-no-42\/\" class=\"wc-block-grid__product-link\">\n\t\t\t\t\t\n\t\t\t\t\t<div class=\"wc-block-grid__product-image\"><img loading=\"lazy\" decoding=\"async\" width=\"300\" height=\"300\" src=\"https:\/\/www.mauro-lucini.it\/wp-content\/uploads\/2024\/12\/mauro-lucini-no42-1_1890x1890-1-300x300.jpg\" class=\"attachment-woocommerce_thumbnail size-woocommerce_thumbnail\" alt=\"Keman no. 42 Officina Mauro Lucini, Cremona 2024 - SATILDI\" srcset=\"https:\/\/www.mauro-lucini.it\/wp-content\/uploads\/2024\/12\/mauro-lucini-no42-1_1890x1890-1-300x300.jpg 300w, https:\/\/www.mauro-lucini.it\/wp-content\/uploads\/2024\/12\/mauro-lucini-no42-1_1890x1890-1-150x150.jpg 150w, https:\/\/www.mauro-lucini.it\/wp-content\/uploads\/2024\/12\/mauro-lucini-no42-1_1890x1890-1-100x100.jpg 100w\" sizes=\"auto, (max-width: 300px) 100vw, 300px\" \/><\/div>\n\t\t\t\t\t<div class=\"wc-block-grid__product-title\">Keman no. 42 Officina Mauro Lucini, Cremona 2024 &#8211; SATILDI<\/div>\n\t\t\t\t<\/a>\n\t\t\t\t<div class=\"wc-block-grid__product-price price\"><span class=\"woocommerce-Price-amount amount\">4.990&nbsp;<span class=\"woocommerce-Price-currencySymbol\">&euro;<\/span><\/span><\/div>\n\t\t\t\t\n\t\t\t\t\n\t\t\t<\/li><li class=\"wc-block-grid__product\">\n\t\t\t\t<a href=\"https:\/\/www.mauro-lucini.it\/tr\/negozio-di-violini\/viyolalari-cremonese\/cremona-viyola-395-cm-officina-mauro-lucini-2024\/\" class=\"wc-block-grid__product-link\">\n\t\t\t\t\t\n\t\t\t\t\t<div class=\"wc-block-grid__product-image\"><img loading=\"lazy\" decoding=\"async\" width=\"300\" height=\"300\" src=\"https:\/\/www.mauro-lucini.it\/wp-content\/uploads\/2024\/12\/mauro-lucini-viola-no26-300x300.jpg\" class=\"attachment-woocommerce_thumbnail size-woocommerce_thumbnail\" alt=\"Viyola 39,5 cm, Officina Mauro Lucini, Cremona, 2024 - SATILDI\" srcset=\"https:\/\/www.mauro-lucini.it\/wp-content\/uploads\/2024\/12\/mauro-lucini-viola-no26-300x300.jpg 300w, https:\/\/www.mauro-lucini.it\/wp-content\/uploads\/2024\/12\/mauro-lucini-viola-no26-150x150.jpg 150w, https:\/\/www.mauro-lucini.it\/wp-content\/uploads\/2024\/12\/mauro-lucini-viola-no26-100x100.jpg 100w\" sizes=\"auto, (max-width: 300px) 100vw, 300px\" \/><\/div>\n\t\t\t\t\t<div class=\"wc-block-grid__product-title\">Viyola 39,5 cm, Officina Mauro Lucini, Cremona, 2024 &#8211; SATILDI<\/div>\n\t\t\t\t<\/a>\n\t\t\t\t<div class=\"wc-block-grid__product-price price\"><span class=\"woocommerce-Price-amount amount\">4.380&nbsp;<span class=\"woocommerce-Price-currencySymbol\">&euro;<\/span><\/span><\/div>\n\t\t\t\t\n\t\t\t\t\n\t\t\t<\/li><li class=\"wc-block-grid__product\">\n\t\t\t\t<a href=\"https:\/\/www.mauro-lucini.it\/tr\/negozio-di-violini\/kemanlari-cremonese\/keman-no-24-officina-mauro-lucini-cremona-2024\/\" class=\"wc-block-grid__product-link\">\n\t\t\t\t\t\n\t\t\t\t\t<div class=\"wc-block-grid__product-image\"><img loading=\"lazy\" decoding=\"async\" width=\"300\" height=\"300\" src=\"https:\/\/www.mauro-lucini.it\/wp-content\/uploads\/2024\/08\/mauro-lucini-cremona-ml24-2-300x300.jpg\" class=\"attachment-woocommerce_thumbnail size-woocommerce_thumbnail\" alt=\"Keman no. 24 Officina Mauro Lucini, Cremona 2024 - SATILDI\" srcset=\"https:\/\/www.mauro-lucini.it\/wp-content\/uploads\/2024\/08\/mauro-lucini-cremona-ml24-2-300x300.jpg 300w, https:\/\/www.mauro-lucini.it\/wp-content\/uploads\/2024\/08\/mauro-lucini-cremona-ml24-2-150x150.jpg 150w, https:\/\/www.mauro-lucini.it\/wp-content\/uploads\/2024\/08\/mauro-lucini-cremona-ml24-2-100x100.jpg 100w\" sizes=\"auto, (max-width: 300px) 100vw, 300px\" \/><\/div>\n\t\t\t\t\t<div class=\"wc-block-grid__product-title\">Keman no. 24 Officina Mauro Lucini, Cremona 2024 &#8211; SATILDI<\/div>\n\t\t\t\t<\/a>\n\t\t\t\t<div class=\"wc-block-grid__product-price price\"><span class=\"woocommerce-Price-amount amount\">4.490&nbsp;<span class=\"woocommerce-Price-currencySymbol\">&euro;<\/span><\/span><\/div>\n\t\t\t\t\n\t\t\t\t\n\t\t\t<\/li><li class=\"wc-block-grid__product\">\n\t\t\t\t<a href=\"https:\/\/www.mauro-lucini.it\/tr\/negozio-di-violini\/kemanlari-cremonese\/keman-officina-mauro-lucini-no-23-cremona-2024\/\" class=\"wc-block-grid__product-link\">\n\t\t\t\t\t\n\t\t\t\t\t<div class=\"wc-block-grid__product-image\"><img loading=\"lazy\" decoding=\"async\" width=\"300\" height=\"300\" src=\"https:\/\/www.mauro-lucini.it\/wp-content\/uploads\/2024\/08\/mauro-lucini-no23-2-300x300.jpg\" class=\"attachment-woocommerce_thumbnail size-woocommerce_thumbnail\" alt=\"Keman Officina Mauro Lucini no.23, Cremona 2024 - SATILDI\" srcset=\"https:\/\/www.mauro-lucini.it\/wp-content\/uploads\/2024\/08\/mauro-lucini-no23-2-300x300.jpg 300w, https:\/\/www.mauro-lucini.it\/wp-content\/uploads\/2024\/08\/mauro-lucini-no23-2-150x150.jpg 150w, https:\/\/www.mauro-lucini.it\/wp-content\/uploads\/2024\/08\/mauro-lucini-no23-2-100x100.jpg 100w\" sizes=\"auto, (max-width: 300px) 100vw, 300px\" \/><\/div>\n\t\t\t\t\t<div class=\"wc-block-grid__product-title\">Keman Officina Mauro Lucini no.23, Cremona 2024 &#8211; SATILDI<\/div>\n\t\t\t\t<\/a>\n\t\t\t\t<div class=\"wc-block-grid__product-price price\"><span class=\"woocommerce-Price-amount amount\">3.990&nbsp;<span class=\"woocommerce-Price-currencySymbol\">&euro;<\/span><\/span><\/div>\n\t\t\t\t\n\t\t\t\t\n\t\t\t<\/li><li class=\"wc-block-grid__product\">\n\t\t\t\t<a href=\"https:\/\/www.mauro-lucini.it\/tr\/negozio-di-violini\/kemanlari-cremonese\/officina-mauro-lucini-keman-no-15-cremona-2023\/\" class=\"wc-block-grid__product-link\">\n\t\t\t\t\t\n\t\t\t\t\t<div class=\"wc-block-grid__product-image\"><img loading=\"lazy\" decoding=\"async\" width=\"300\" height=\"300\" src=\"https:\/\/www.mauro-lucini.it\/wp-content\/uploads\/2024\/05\/mauro-lucini-guarneri-15-1-300x300.jpg\" class=\"attachment-woocommerce_thumbnail size-woocommerce_thumbnail\" alt=\"Officina Mauro Lucini keman no. 15, Cremona 2023 - SATILDI\" srcset=\"https:\/\/www.mauro-lucini.it\/wp-content\/uploads\/2024\/05\/mauro-lucini-guarneri-15-1-300x300.jpg 300w, https:\/\/www.mauro-lucini.it\/wp-content\/uploads\/2024\/05\/mauro-lucini-guarneri-15-1-150x150.jpg 150w, https:\/\/www.mauro-lucini.it\/wp-content\/uploads\/2024\/05\/mauro-lucini-guarneri-15-1-100x100.jpg 100w\" sizes=\"auto, (max-width: 300px) 100vw, 300px\" \/><\/div>\n\t\t\t\t\t<div class=\"wc-block-grid__product-title\">Officina Mauro Lucini keman no. 15, Cremona 2023 &#8211; SATILDI<\/div>\n\t\t\t\t<\/a>\n\t\t\t\t<div class=\"wc-block-grid__product-price price\"><span class=\"woocommerce-Price-amount amount\">3.890&nbsp;<span class=\"woocommerce-Price-currencySymbol\">&euro;<\/span><\/span><\/div>\n\t\t\t\t\n\t\t\t\t\n\t\t\t<\/li><\/ul><\/div>\n<figure class=\"wp-block-gallery alignfull has-nested-images columns-default is-cropped wp-block-gallery-1 is-layout-flex wp-block-gallery-is-layout-flex\">\n<figure class=\"wp-block-image size-large\"><img loading=\"lazy\" decoding=\"async\" width=\"1024\" height=\"681\" data-id=\"225\" src=\"https:\/\/www.mauro-lucini.it\/wp-content\/uploads\/2023\/06\/MAURO-LUCINI3-1024x681.jpg\" alt=\"\" class=\"wp-image-225\" srcset=\"https:\/\/www.mauro-lucini.it\/wp-content\/uploads\/2023\/06\/MAURO-LUCINI3-1024x681.jpg 1024w, https:\/\/www.mauro-lucini.it\/wp-content\/uploads\/2023\/06\/MAURO-LUCINI3-300x200.jpg 300w, https:\/\/www.mauro-lucini.it\/wp-content\/uploads\/2023\/06\/MAURO-LUCINI3-768x511.jpg 768w, https:\/\/www.mauro-lucini.it\/wp-content\/uploads\/2023\/06\/MAURO-LUCINI3-1536x1022.jpg 1536w, https:\/\/www.mauro-lucini.it\/wp-content\/uploads\/2023\/06\/MAURO-LUCINI3-2048x1363.jpg 2048w, https:\/\/www.mauro-lucini.it\/wp-content\/uploads\/2023\/06\/MAURO-LUCINI3-600x399.jpg 600w\" sizes=\"auto, (max-width: 1024px) 100vw, 1024px\" \/><\/figure>\n<\/figure>\n","protected":false},"excerpt":{"rendered":"<p>Cremona&#8217;da keman yap\u0131mc\u0131s\u0131: sanatsal i\u015f\u00e7ilikte onlarca y\u0131ll\u0131k deneyim Uluslararas\u0131 \u00fcne sahip keman yap\u0131mc\u0131s\u0131 Mauro Lucini ve Corilon violins srl&#8217;deki luthier arkada\u015flar\u0131yla Cremonese kemanlar\u0131n\u0131n m\u00fckemmelli\u011fini ke\u015ffedin. Piazza San Michele&#8217;deki tarihi at\u00f6lyesinde luthier Mauro Lucini ve meslekta\u015flar\u0131, d\u00fcnyan\u0131n d\u00f6rt bir yan\u0131ndan m\u00fczikseverleri b\u00fcy\u00fcleyen kemanlar yap\u0131yor ve m\u00fckemmelle\u015ftiriyor. Officina Mauro Lucini, nesilden nesile aktar\u0131lan zanaatk\u00e2rl\u0131k becerilerini yenilik\u00e7i tekniklerle [&hellip;]<\/p>\n","protected":false},"author":1,"featured_media":0,"parent":0,"menu_order":0,"comment_status":"closed","ping_status":"closed","template":"","meta":{"_coblocks_attr":"","_coblocks_dimensions":"","_coblocks_responsive_height":"","_coblocks_accordion_ie_support":"","hide_page_title":"","footnotes":""},"class_list":["post-2413","page","type-page","status-publish","hentry"],"yoast_head":"<!-- This site is optimized with the Yoast SEO plugin v27.4 - https:\/\/yoast.com\/product\/yoast-seo-wordpress\/ -->\n<title>Mauro Lucini - Cremona&#039;da Keman Yap\u0131mc\u0131s\u0131: E\u015fsiz Sanat Enstr\u00fcmanlar\u0131<\/title>\n<meta name=\"description\" content=\"Officina Mauro Lucini: Ses ve G\u00fczellikte M\u00fckemmellik - Piazza S. Michele, 7&#039;deki Cremonese Keman Yap\u0131mc\u0131s\u0131 | +39 327 844 5119\" \/>\n<meta name=\"robots\" content=\"index, follow, max-snippet:-1, max-image-preview:large, max-video-preview:-1\" \/>\n<link rel=\"canonical\" href=\"https:\/\/www.mauro-lucini.it\/tr\/\" \/>\n<meta property=\"og:locale\" content=\"tr_TR\" \/>\n<meta property=\"og:type\" content=\"article\" \/>\n<meta property=\"og:title\" content=\"Mauro Lucini - Cremona&#039;da Keman Yap\u0131mc\u0131s\u0131: E\u015fsiz Sanat Enstr\u00fcmanlar\u0131\" \/>\n<meta property=\"og:description\" content=\"Officina Mauro Lucini: Ses ve G\u00fczellikte M\u00fckemmellik - Piazza S. Michele, 7&#039;deki Cremonese Keman Yap\u0131mc\u0131s\u0131 | +39 327 844 5119\" \/>\n<meta property=\"og:url\" content=\"https:\/\/www.mauro-lucini.it\/tr\/\" \/>\n<meta property=\"og:site_name\" content=\"Mauro Lucini - Liutaio a Cremona\" \/>\n<meta property=\"article:modified_time\" content=\"2025-09-05T20:07:35+00:00\" \/>\n<meta property=\"og:image\" content=\"https:\/\/www.mauro-lucini.it\/wp-content\/uploads\/2023\/05\/crop-0-0-2560-1703-0-DSC_3681x-scaled.jpg\" \/>\n\t<meta property=\"og:image:width\" content=\"2560\" \/>\n\t<meta property=\"og:image:height\" content=\"1703\" \/>\n\t<meta property=\"og:image:type\" content=\"image\/jpeg\" \/>\n<meta name=\"twitter:card\" content=\"summary_large_image\" \/>\n<!-- \/ Yoast SEO plugin. -->","yoast_head_json":{"title":"Mauro Lucini - Cremona'da Keman Yap\u0131mc\u0131s\u0131: E\u015fsiz Sanat Enstr\u00fcmanlar\u0131","description":"Officina Mauro Lucini: Ses ve G\u00fczellikte M\u00fckemmellik - Piazza S. Michele, 7'deki Cremonese Keman Yap\u0131mc\u0131s\u0131 | +39 327 844 5119","robots":{"index":"index","follow":"follow","max-snippet":"max-snippet:-1","max-image-preview":"max-image-preview:large","max-video-preview":"max-video-preview:-1"},"canonical":"https:\/\/www.mauro-lucini.it\/tr\/","og_locale":"tr_TR","og_type":"article","og_title":"Mauro Lucini - Cremona'da Keman Yap\u0131mc\u0131s\u0131: E\u015fsiz Sanat Enstr\u00fcmanlar\u0131","og_description":"Officina Mauro Lucini: Ses ve G\u00fczellikte M\u00fckemmellik - Piazza S. Michele, 7'deki Cremonese Keman Yap\u0131mc\u0131s\u0131 | +39 327 844 5119","og_url":"https:\/\/www.mauro-lucini.it\/tr\/","og_site_name":"Mauro Lucini - Liutaio a Cremona","article_modified_time":"2025-09-05T20:07:35+00:00","og_image":[{"width":2560,"height":1703,"url":"https:\/\/www.mauro-lucini.it\/wp-content\/uploads\/2023\/05\/crop-0-0-2560-1703-0-DSC_3681x-scaled.jpg","type":"image\/jpeg"}],"twitter_card":"summary_large_image","schema":{"@context":"https:\/\/schema.org","@graph":[{"@type":"WebPage","@id":"https:\/\/www.mauro-lucini.it\/tr\/","url":"https:\/\/www.mauro-lucini.it\/tr\/","name":"Mauro Lucini - Cremona'da Keman Yap\u0131mc\u0131s\u0131: E\u015fsiz Sanat Enstr\u00fcmanlar\u0131","isPartOf":{"@id":"https:\/\/www.mauro-lucini.it\/tr\/#website"},"primaryImageOfPage":{"@id":"https:\/\/www.mauro-lucini.it\/tr\/#primaryimage"},"image":{"@id":"https:\/\/www.mauro-lucini.it\/tr\/#primaryimage"},"thumbnailUrl":"https:\/\/www.mauro-lucini.it\/wp-content\/uploads\/2023\/05\/crop-0-0-2560-1703-0-DSC_3681x-scaled.jpg","datePublished":"2023-05-28T17:32:28+00:00","dateModified":"2025-09-05T20:07:35+00:00","description":"Officina Mauro Lucini: Ses ve G\u00fczellikte M\u00fckemmellik - Piazza S. Michele, 7'deki Cremonese Keman Yap\u0131mc\u0131s\u0131 | +39 327 844 5119","breadcrumb":{"@id":"https:\/\/www.mauro-lucini.it\/tr\/#breadcrumb"},"inLanguage":"tr","potentialAction":[{"@type":"ReadAction","target":["https:\/\/www.mauro-lucini.it\/tr\/"]}]},{"@type":"ImageObject","inLanguage":"tr","@id":"https:\/\/www.mauro-lucini.it\/tr\/#primaryimage","url":"https:\/\/www.mauro-lucini.it\/wp-content\/uploads\/2023\/05\/crop-0-0-2560-1703-0-DSC_3681x-scaled.jpg","contentUrl":"https:\/\/www.mauro-lucini.it\/wp-content\/uploads\/2023\/05\/crop-0-0-2560-1703-0-DSC_3681x-scaled.jpg"},{"@type":"BreadcrumbList","@id":"https:\/\/www.mauro-lucini.it\/tr\/#breadcrumb","itemListElement":[{"@type":"ListItem","position":1,"name":"Home","item":"https:\/\/www.mauro-lucini.it\/tr\/"},{"@type":"ListItem","position":2,"name":"Cremona'da keman yap\u0131mc\u0131s\u0131"}]},{"@type":"WebSite","@id":"https:\/\/www.mauro-lucini.it\/tr\/#website","url":"https:\/\/www.mauro-lucini.it\/tr\/","name":"Mauro Lucini - Liutaio a Cremona","description":"Mauro Lucini liutaio a Cremona - 40 anni di passione ed esperienza","publisher":{"@id":"https:\/\/www.mauro-lucini.it\/tr\/#organization"},"potentialAction":[{"@type":"SearchAction","target":{"@type":"EntryPoint","urlTemplate":"https:\/\/www.mauro-lucini.it\/tr\/?s={search_term_string}"},"query-input":{"@type":"PropertyValueSpecification","valueRequired":true,"valueName":"search_term_string"}}],"inLanguage":"tr"},{"@type":"Organization","@id":"https:\/\/www.mauro-lucini.it\/tr\/#organization","name":"Mauro Lucini - Liutaio a Cremona","url":"https:\/\/www.mauro-lucini.it\/tr\/","logo":{"@type":"ImageObject","inLanguage":"tr","@id":"https:\/\/www.mauro-lucini.it\/tr\/#\/schema\/logo\/image\/","url":"https:\/\/www.mauro-lucini.it\/wp-content\/uploads\/2024\/09\/Mauro-Lucini-Liutaio-Cremona.png","contentUrl":"https:\/\/www.mauro-lucini.it\/wp-content\/uploads\/2024\/09\/Mauro-Lucini-Liutaio-Cremona.png","width":480,"height":84,"caption":"Mauro Lucini - Liutaio a Cremona"},"image":{"@id":"https:\/\/www.mauro-lucini.it\/tr\/#\/schema\/logo\/image\/"}}]}},"_links":{"self":[{"href":"https:\/\/www.mauro-lucini.it\/tr\/wp-json\/wp\/v2\/pages\/2413","targetHints":{"allow":["GET"]}}],"collection":[{"href":"https:\/\/www.mauro-lucini.it\/tr\/wp-json\/wp\/v2\/pages"}],"about":[{"href":"https:\/\/www.mauro-lucini.it\/tr\/wp-json\/wp\/v2\/types\/page"}],"author":[{"embeddable":true,"href":"https:\/\/www.mauro-lucini.it\/tr\/wp-json\/wp\/v2\/users\/1"}],"replies":[{"embeddable":true,"href":"https:\/\/www.mauro-lucini.it\/tr\/wp-json\/wp\/v2\/comments?post=2413"}],"version-history":[{"count":3,"href":"https:\/\/www.mauro-lucini.it\/tr\/wp-json\/wp\/v2\/pages\/2413\/revisions"}],"predecessor-version":[{"id":3544,"href":"https:\/\/www.mauro-lucini.it\/tr\/wp-json\/wp\/v2\/pages\/2413\/revisions\/3544"}],"wp:attachment":[{"href":"https:\/\/www.mauro-lucini.it\/tr\/wp-json\/wp\/v2\/media?parent=2413"}],"curies":[{"name":"wp","href":"https:\/\/api.w.org\/{rel}","templated":true}]}}