{"id":2337,"date":"2024-09-02T11:55:31","date_gmt":"2024-09-02T11:55:31","guid":{"rendered":"https:\/\/www.mauro-lucini.it\/keman-yapimi"},"modified":"2025-05-23T12:44:01","modified_gmt":"2025-05-23T12:44:01","slug":"keman-yapimi","status":"publish","type":"page","link":"https:\/\/www.mauro-lucini.it\/tr\/keman-yapimi\/","title":{"rendered":"Keman yap\u0131m\u0131"},"content":{"rendered":"\n<div class=\"wp-block-cover alignfull\"><span aria-hidden=\"true\" class=\"wp-block-cover__background has-background-dim\" style=\"background-color:#867c74\"><\/span><img loading=\"lazy\" decoding=\"async\" width=\"2128\" height=\"985\" class=\"wp-block-cover__image-background wp-image-335\" alt=\"\" src=\"https:\/\/www.mauro-lucini.it\/wp-content\/uploads\/2024\/08\/manifattura-violini.jpg\" data-object-fit=\"cover\" srcset=\"https:\/\/www.mauro-lucini.it\/wp-content\/uploads\/2024\/08\/manifattura-violini.jpg 2128w, https:\/\/www.mauro-lucini.it\/wp-content\/uploads\/2024\/08\/manifattura-violini-300x139.jpg 300w, https:\/\/www.mauro-lucini.it\/wp-content\/uploads\/2024\/08\/manifattura-violini-1024x474.jpg 1024w, https:\/\/www.mauro-lucini.it\/wp-content\/uploads\/2024\/08\/manifattura-violini-768x355.jpg 768w, https:\/\/www.mauro-lucini.it\/wp-content\/uploads\/2024\/08\/manifattura-violini-1536x711.jpg 1536w, https:\/\/www.mauro-lucini.it\/wp-content\/uploads\/2024\/08\/manifattura-violini-2048x948.jpg 2048w, https:\/\/www.mauro-lucini.it\/wp-content\/uploads\/2024\/08\/manifattura-violini-600x278.jpg 600w\" sizes=\"auto, (max-width: 2128px) 100vw, 2128px\" \/><div class=\"wp-block-cover__inner-container is-layout-constrained wp-block-cover-is-layout-constrained\">\n<h2 class=\"wp-block-heading has-text-align-center\">Keman yap\u0131m\u0131<\/h2>\n<\/div><\/div>\n\n<h2 class=\"wp-block-heading has-text-align-center\">Officina Mauro Lucini&#8217;nin \u0130talyan luthieryas\u0131: \u00f6nc\u00fc gelenek<\/h2>\n\n<p><br\/>Officina Mauro Lucini taraf\u0131ndan \u00fcretilen yayl\u0131 \u00e7alg\u0131lar, onlarca y\u0131ll\u0131k pratikle olgunla\u015fan antik \u0130talyan keman yap\u0131m sanat\u0131n\u0131n derin bilgisini, d\u00fcnyan\u0131n en iyi keman yap\u0131m okullar\u0131nda \u00f6\u011fretilen \u00e7a\u011f\u0131m\u0131z\u0131n bilgisiyle birle\u015ftiriyor. Maestro Mauro Lucini ve \u00e7\u0131raklar\u0131, at\u00f6lyelerinin y\u00fcksek standartlar\u0131n\u0131 kar\u015f\u0131layan ses \u00f6zellikleri elde etmek i\u00e7in her bir keman, viyola ve \u00e7elloyu detay sevgisi ve en iyi ah\u015faplar\u0131n bireysel \u00f6zelliklerine duyarl\u0131l\u0131kla m\u00fckemmelle\u015ftirir.<\/p>\n\n<p><\/p>\n\n<figure class=\"wp-block-image size-large\"><img loading=\"lazy\" decoding=\"async\" width=\"1024\" height=\"681\" src=\"https:\/\/www.mauro-lucini.it\/wp-content\/uploads\/2024\/08\/DSC_3858-1024x681.jpg\" alt=\"Mauro Lucini at&#xF6;lyesinde &#x130;talyan keman yap&#x131;m&#x131;\" class=\"wp-image-324\" srcset=\"https:\/\/www.mauro-lucini.it\/wp-content\/uploads\/2024\/08\/DSC_3858-1024x681.jpg 1024w, https:\/\/www.mauro-lucini.it\/wp-content\/uploads\/2024\/08\/DSC_3858-300x200.jpg 300w, https:\/\/www.mauro-lucini.it\/wp-content\/uploads\/2024\/08\/DSC_3858-768x511.jpg 768w, https:\/\/www.mauro-lucini.it\/wp-content\/uploads\/2024\/08\/DSC_3858-1536x1022.jpg 1536w, https:\/\/www.mauro-lucini.it\/wp-content\/uploads\/2024\/08\/DSC_3858-2048x1363.jpg 2048w, https:\/\/www.mauro-lucini.it\/wp-content\/uploads\/2024\/08\/DSC_3858-600x399.jpg 600w\" sizes=\"auto, (max-width: 1024px) 100vw, 1024px\" \/><\/figure>\n\n<p><br\/>Do\u011fan\u0131n i\u015finin el becerisiyle birle\u015ferek \u00f6zellikle gelecek vaat eden bir eser ortaya \u00e7\u0131kard\u0131\u011f\u0131 durumlarda, en y\u00fcksek profesyonel standartlar\u0131 kar\u015f\u0131layan ve \u00e7a\u011fda\u015f \u0130talyan keman yap\u0131m\u0131nda yeni \u00f6l\u00e7\u00fctler belirleyen ba\u015fyap\u0131tlar yarat\u0131rlar.<br\/><\/p>\n\n<p>Bu \u00fcst d\u00fczey performanslar, hevesli m\u00fczisyenlerin ve gen\u00e7 yeteneklerin g\u00fczel, tipik bir \u0130talyan sesine sahip bir yayl\u0131 \u00e7alg\u0131 sat\u0131n almalar\u0131n\u0131 sa\u011flayan biraz daha basit, k\u00fc\u00e7\u00fck parti m\u00fczikal ki\u015filiklerle tamamlanmaktad\u0131r.<\/p>\n\n<p><\/p>\n\n<p>At\u00f6lyenin gizli boya re\u00e7etesi ve \u00f6zellikle boyama i\u00e7in at\u00f6lyedeki t\u00fcm aletlere uygulanan ve s\u00fcrekli geli\u015ftirilen ayr\u0131nt\u0131l\u0131 ve kan\u0131tlanm\u0131\u015f s\u00fcre\u00e7ler \u00f6nemli bir rol oynamaktad\u0131r.<\/p>\n\n<p><\/p>\n","protected":false},"excerpt":{"rendered":"<p>Officina Mauro Lucini&#8217;nin \u0130talyan luthieryas\u0131: \u00f6nc\u00fc gelenek Officina Mauro Lucini taraf\u0131ndan \u00fcretilen yayl\u0131 \u00e7alg\u0131lar, onlarca y\u0131ll\u0131k pratikle olgunla\u015fan antik \u0130talyan keman yap\u0131m sanat\u0131n\u0131n derin bilgisini, d\u00fcnyan\u0131n en iyi keman yap\u0131m okullar\u0131nda \u00f6\u011fretilen \u00e7a\u011f\u0131m\u0131z\u0131n bilgisiyle birle\u015ftiriyor. Maestro Mauro Lucini ve \u00e7\u0131raklar\u0131, at\u00f6lyelerinin y\u00fcksek standartlar\u0131n\u0131 kar\u015f\u0131layan ses \u00f6zellikleri elde etmek i\u00e7in her bir keman, viyola ve \u00e7elloyu [&hellip;]<\/p>\n","protected":false},"author":1,"featured_media":0,"parent":0,"menu_order":22,"comment_status":"closed","ping_status":"closed","template":"","meta":{"_coblocks_attr":"","_coblocks_dimensions":"","_coblocks_responsive_height":"","_coblocks_accordion_ie_support":"","hide_page_title":"","footnotes":""},"class_list":["post-2337","page","type-page","status-publish","hentry"],"yoast_head":"<!-- This site is optimized with the Yoast SEO plugin v27.4 - https:\/\/yoast.com\/product\/yoast-seo-wordpress\/ -->\n<title>Mauro Lucini at\u00f6lyesinde Cremonese keman yap\u0131m\u0131<\/title>\n<meta name=\"description\" content=\"Zaman\u0131m\u0131z i\u00e7in Cremonese keman yap\u0131m\u0131: Officina Mauro Lucini, \u0130talyan zanaatkarl\u0131\u011f\u0131n\u0131 en iyi sesin \u00e7a\u011fda\u015f bilgisiyle birle\u015ftiriyor\" \/>\n<meta name=\"robots\" content=\"index, follow, max-snippet:-1, max-image-preview:large, max-video-preview:-1\" \/>\n<link rel=\"canonical\" href=\"https:\/\/www.mauro-lucini.it\/tr\/keman-yapimi\/\" \/>\n<meta property=\"og:locale\" content=\"tr_TR\" \/>\n<meta property=\"og:type\" content=\"article\" \/>\n<meta property=\"og:title\" content=\"Mauro Lucini at\u00f6lyesinde Cremonese keman yap\u0131m\u0131\" \/>\n<meta property=\"og:description\" content=\"Zaman\u0131m\u0131z i\u00e7in Cremonese keman yap\u0131m\u0131: Officina Mauro Lucini, \u0130talyan zanaatkarl\u0131\u011f\u0131n\u0131 en iyi sesin \u00e7a\u011fda\u015f bilgisiyle birle\u015ftiriyor\" \/>\n<meta property=\"og:url\" content=\"https:\/\/www.mauro-lucini.it\/tr\/keman-yapimi\/\" \/>\n<meta property=\"og:site_name\" content=\"Mauro Lucini - Liutaio a Cremona\" \/>\n<meta property=\"article:modified_time\" content=\"2025-05-23T12:44:01+00:00\" \/>\n<meta property=\"og:image\" content=\"https:\/\/www.mauro-lucini.it\/wp-content\/uploads\/2024\/08\/manifattura-violini.jpg\" \/>\n\t<meta property=\"og:image:width\" content=\"2128\" \/>\n\t<meta property=\"og:image:height\" content=\"985\" \/>\n\t<meta property=\"og:image:type\" content=\"image\/jpeg\" \/>\n<meta name=\"twitter:card\" content=\"summary_large_image\" \/>\n<!-- \/ Yoast SEO plugin. -->","yoast_head_json":{"title":"Mauro Lucini at\u00f6lyesinde Cremonese keman yap\u0131m\u0131","description":"Zaman\u0131m\u0131z i\u00e7in Cremonese keman yap\u0131m\u0131: Officina Mauro Lucini, \u0130talyan zanaatkarl\u0131\u011f\u0131n\u0131 en iyi sesin \u00e7a\u011fda\u015f bilgisiyle birle\u015ftiriyor","robots":{"index":"index","follow":"follow","max-snippet":"max-snippet:-1","max-image-preview":"max-image-preview:large","max-video-preview":"max-video-preview:-1"},"canonical":"https:\/\/www.mauro-lucini.it\/tr\/keman-yapimi\/","og_locale":"tr_TR","og_type":"article","og_title":"Mauro Lucini at\u00f6lyesinde Cremonese keman yap\u0131m\u0131","og_description":"Zaman\u0131m\u0131z i\u00e7in Cremonese keman yap\u0131m\u0131: Officina Mauro Lucini, \u0130talyan zanaatkarl\u0131\u011f\u0131n\u0131 en iyi sesin \u00e7a\u011fda\u015f bilgisiyle birle\u015ftiriyor","og_url":"https:\/\/www.mauro-lucini.it\/tr\/keman-yapimi\/","og_site_name":"Mauro Lucini - Liutaio a Cremona","article_modified_time":"2025-05-23T12:44:01+00:00","og_image":[{"width":2128,"height":985,"url":"https:\/\/www.mauro-lucini.it\/wp-content\/uploads\/2024\/08\/manifattura-violini.jpg","type":"image\/jpeg"}],"twitter_card":"summary_large_image","schema":{"@context":"https:\/\/schema.org","@graph":[{"@type":"WebPage","@id":"https:\/\/www.mauro-lucini.it\/tr\/keman-yapimi\/","url":"https:\/\/www.mauro-lucini.it\/tr\/keman-yapimi\/","name":"Mauro Lucini at\u00f6lyesinde Cremonese keman yap\u0131m\u0131","isPartOf":{"@id":"https:\/\/www.mauro-lucini.it\/tr\/#website"},"primaryImageOfPage":{"@id":"https:\/\/www.mauro-lucini.it\/tr\/keman-yapimi\/#primaryimage"},"image":{"@id":"https:\/\/www.mauro-lucini.it\/tr\/keman-yapimi\/#primaryimage"},"thumbnailUrl":"https:\/\/www.mauro-lucini.it\/wp-content\/uploads\/2024\/08\/manifattura-violini.jpg","datePublished":"2024-09-02T11:55:31+00:00","dateModified":"2025-05-23T12:44:01+00:00","description":"Zaman\u0131m\u0131z i\u00e7in Cremonese keman yap\u0131m\u0131: Officina Mauro Lucini, \u0130talyan zanaatkarl\u0131\u011f\u0131n\u0131 en iyi sesin \u00e7a\u011fda\u015f bilgisiyle birle\u015ftiriyor","breadcrumb":{"@id":"https:\/\/www.mauro-lucini.it\/tr\/keman-yapimi\/#breadcrumb"},"inLanguage":"tr","potentialAction":[{"@type":"ReadAction","target":["https:\/\/www.mauro-lucini.it\/tr\/keman-yapimi\/"]}]},{"@type":"ImageObject","inLanguage":"tr","@id":"https:\/\/www.mauro-lucini.it\/tr\/keman-yapimi\/#primaryimage","url":"https:\/\/www.mauro-lucini.it\/wp-content\/uploads\/2024\/08\/manifattura-violini.jpg","contentUrl":"https:\/\/www.mauro-lucini.it\/wp-content\/uploads\/2024\/08\/manifattura-violini.jpg"},{"@type":"BreadcrumbList","@id":"https:\/\/www.mauro-lucini.it\/tr\/keman-yapimi\/#breadcrumb","itemListElement":[{"@type":"ListItem","position":1,"name":"Home","item":"https:\/\/www.mauro-lucini.it\/tr\/"},{"@type":"ListItem","position":2,"name":"Keman yap\u0131m\u0131"}]},{"@type":"WebSite","@id":"https:\/\/www.mauro-lucini.it\/tr\/#website","url":"https:\/\/www.mauro-lucini.it\/tr\/","name":"Mauro Lucini - Liutaio a Cremona","description":"Mauro Lucini liutaio a Cremona - 40 anni di passione ed esperienza","publisher":{"@id":"https:\/\/www.mauro-lucini.it\/tr\/#organization"},"potentialAction":[{"@type":"SearchAction","target":{"@type":"EntryPoint","urlTemplate":"https:\/\/www.mauro-lucini.it\/tr\/?s={search_term_string}"},"query-input":{"@type":"PropertyValueSpecification","valueRequired":true,"valueName":"search_term_string"}}],"inLanguage":"tr"},{"@type":"Organization","@id":"https:\/\/www.mauro-lucini.it\/tr\/#organization","name":"Mauro Lucini - Liutaio a Cremona","url":"https:\/\/www.mauro-lucini.it\/tr\/","logo":{"@type":"ImageObject","inLanguage":"tr","@id":"https:\/\/www.mauro-lucini.it\/tr\/#\/schema\/logo\/image\/","url":"https:\/\/www.mauro-lucini.it\/wp-content\/uploads\/2024\/09\/Mauro-Lucini-Liutaio-Cremona.png","contentUrl":"https:\/\/www.mauro-lucini.it\/wp-content\/uploads\/2024\/09\/Mauro-Lucini-Liutaio-Cremona.png","width":480,"height":84,"caption":"Mauro Lucini - Liutaio a Cremona"},"image":{"@id":"https:\/\/www.mauro-lucini.it\/tr\/#\/schema\/logo\/image\/"}}]}},"_links":{"self":[{"href":"https:\/\/www.mauro-lucini.it\/tr\/wp-json\/wp\/v2\/pages\/2337","targetHints":{"allow":["GET"]}}],"collection":[{"href":"https:\/\/www.mauro-lucini.it\/tr\/wp-json\/wp\/v2\/pages"}],"about":[{"href":"https:\/\/www.mauro-lucini.it\/tr\/wp-json\/wp\/v2\/types\/page"}],"author":[{"embeddable":true,"href":"https:\/\/www.mauro-lucini.it\/tr\/wp-json\/wp\/v2\/users\/1"}],"replies":[{"embeddable":true,"href":"https:\/\/www.mauro-lucini.it\/tr\/wp-json\/wp\/v2\/comments?post=2337"}],"version-history":[{"count":2,"href":"https:\/\/www.mauro-lucini.it\/tr\/wp-json\/wp\/v2\/pages\/2337\/revisions"}],"predecessor-version":[{"id":2521,"href":"https:\/\/www.mauro-lucini.it\/tr\/wp-json\/wp\/v2\/pages\/2337\/revisions\/2521"}],"wp:attachment":[{"href":"https:\/\/www.mauro-lucini.it\/tr\/wp-json\/wp\/v2\/media?parent=2337"}],"curies":[{"name":"wp","href":"https:\/\/api.w.org\/{rel}","templated":true}]}}