{"id":2202,"date":"2023-05-28T17:30:54","date_gmt":"2023-05-28T17:30:54","guid":{"rendered":"https:\/\/www.mauro-lucini.it\/gizlilik-politikasi"},"modified":"2024-12-14T07:11:43","modified_gmt":"2024-12-14T07:11:43","slug":"gizlilik-politikasi","status":"publish","type":"page","link":"https:\/\/www.mauro-lucini.it\/tr\/gizlilik-politikasi\/","title":{"rendered":"Gizlilik Politikas\u0131"},"content":{"rendered":"\n<h2 class=\"wp-block-heading\">Son g\u00fcncelleme: Corilon violins srl<\/h2>\n\n<p>Bu Gizlilik Politikas\u0131, <a href=\"https:\/\/www.mauro-lucini.it\/tr\">www.mauro-lucini.it<\/a> web sitesini (bundan b\u00f6yle &#8216;Site&#8217; olarak an\u0131lacakt\u0131r) ziyaret eden kullan\u0131c\u0131lar\u0131n ki\u015fisel verilerinin nas\u0131l topland\u0131\u011f\u0131n\u0131, kullan\u0131ld\u0131\u011f\u0131n\u0131, sakland\u0131\u011f\u0131n\u0131 ve korundu\u011funu a\u00e7\u0131klamaktad\u0131r. L\u00fctfen Siteyi kullanmadan veya herhangi bir ki\u015fisel veri sa\u011flamadan \u00f6nce bu Gizlilik Politikas\u0131n\u0131 dikkatlice okuyun. Siteyi kullanarak, bilgilerin bu Gizlilik Politikas\u0131na uygun olarak toplanmas\u0131na ve kullan\u0131lmas\u0131na izin vermi\u015f olursunuz.<\/p>\n\n<h2 class=\"wp-block-heading\">Ki\u015fisel verilerin toplanmas\u0131<\/h2>\n\n<p>Sitede gezinirken ve Siteyi kullan\u0131rken, kullan\u0131c\u0131lar taraf\u0131ndan ileti\u015fim formlar\u0131 veya di\u011fer ileti\u015fim ara\u00e7lar\u0131 arac\u0131l\u0131\u011f\u0131yla g\u00f6n\u00fcll\u00fc olarak sa\u011flanan ad, e-posta adresi, telefon numaras\u0131 ve di\u011fer ileti\u015fim bilgileri gibi belirli ki\u015fisel verileri toplayabiliriz.<\/p>\n\n<h2 class=\"wp-block-heading\">Ki\u015fisel verilerin kullan\u0131m\u0131<\/h2>\n\n<p>Toplanan ki\u015fisel veriler yaln\u0131zca kullan\u0131c\u0131lar\u0131n taleplerine yan\u0131t vermek, hizmetlerimiz hakk\u0131nda bilgi sa\u011flamak veya Sitenin y\u00f6netimiyle kesinlikle ilgili ama\u00e7lar i\u00e7in kullan\u0131lacakt\u0131r. A\u00e7\u0131k izniniz olmadan ki\u015fisel verileri pazarlama amac\u0131yla kullanmayaca\u011f\u0131z.<\/p>\n\n<h2 class=\"wp-block-heading\">Ki\u015fisel Verilerin Korunmas\u0131<\/h2>\n\n<p>Ki\u015fisel verilerinizi yetkisiz eri\u015fim, de\u011fi\u015fiklik, if\u015fa veya imhaya kar\u015f\u0131 korumak i\u00e7in uygun g\u00fcvenlik \u00f6nlemlerini al\u0131yoruz. Ancak, internette hi\u00e7bir veri iletimi veya depolama y\u00f6nteminin tamamen g\u00fcvenli olmad\u0131\u011f\u0131n\u0131 ve Site arac\u0131l\u0131\u011f\u0131yla sa\u011flanan ki\u015fisel verilerin mutlak g\u00fcvenli\u011fini garanti edemeyece\u011fimizi l\u00fctfen unutmay\u0131n.<\/p>\n\n<h2 class=\"wp-block-heading\">Ki\u015fisel verilerin payla\u015f\u0131lmas\u0131<\/h2>\n\n<p>Kullan\u0131c\u0131lar\u0131n ki\u015fisel verileri yaln\u0131zca a\u015fa\u011f\u0131daki durumlarda \u00fc\u00e7\u00fcnc\u00fc taraflarla payla\u015f\u0131labilir:<\/p>\n\n<ul class=\"wp-block-list\">\n<li>Yasalar veya yetkili bir makam taraf\u0131ndan gerekli g\u00f6r\u00fcld\u00fc\u011f\u00fcnde;<\/li>\n\n\n\n<li>Sitenin i\u015fletilmesi ve bak\u0131m\u0131 i\u00e7in bizimle birlikte \u00e7al\u0131\u015fan g\u00fcvenilir hizmet sa\u011flay\u0131c\u0131lar\u0131m\u0131zla;<\/li>\n\n\n\n<li>Kullan\u0131c\u0131n\u0131n onay\u0131 ile.<\/li>\n<\/ul>\n\n<h2 class=\"wp-block-heading\">D\u0131\u015f ba\u011flant\u0131lar<\/h2>\n\n<p>Site, \u00fc\u00e7\u00fcnc\u00fc taraflarca i\u015fletilen di\u011fer web sitelerine ba\u011flant\u0131lar i\u00e7erebilir. Bu Gizlilik Politikas\u0131 yaln\u0131zca Site i\u00e7in ge\u00e7erlidir ve bu t\u00fcr \u00fc\u00e7\u00fcnc\u00fc taraf web sitelerinin gizlilik uygulamalar\u0131ndan veya i\u00e7eri\u011finden sorumlu de\u011filiz. Bu t\u00fcr web sitelerinin gizlilik politikalar\u0131n\u0131 dikkatlice okuman\u0131z\u0131 tavsiye ederiz.<\/p>\n\n<h2 class=\"wp-block-heading\">Gizlilik Politikas\u0131ndaki De\u011fi\u015fiklikler<\/h2>\n\n<p>Bu Gizlilik Politikas\u0131n\u0131 diledi\u011fimiz zaman de\u011fi\u015ftirme hakk\u0131m\u0131z sakl\u0131d\u0131r. Herhangi bir de\u011fi\u015fiklik, yeni &#8216;Son G\u00fcncelleme&#8217; tarihiyle birlikte bu sayfada yay\u0131nlanacakt\u0131r. G\u00fcncellemeler veya de\u011fi\u015fiklikler i\u00e7in bu sayfay\u0131 d\u00fczenli olarak kontrol etmeniz tavsiye edilir.<\/p>\n\n<h2 class=\"wp-block-heading\">\u0130leti\u015fim<\/h2>\n\n<p>Bu Gizlilik Politikas\u0131 ile ilgili herhangi bir sorunuz, yorumunuz veya talebiniz varsa, l\u00fctfen Sitede verilen ileti\u015fim bilgilerini kullanarak <a href=\"mailto:mauro@mauro-lucini.it\">bizimle ileti\u015fime<\/a> ge\u00e7in.<\/p>\n\n<h2 class=\"wp-block-heading\">R\u0131za<\/h2>\n\n<p>Siteyi kullanarak, ki\u015fisel verilerinizin bu Gizlilik Politikas\u0131nda a\u00e7\u0131kland\u0131\u011f\u0131 \u015fekilde toplanmas\u0131na, kullan\u0131lmas\u0131na ve saklanmas\u0131na izin vermi\u015f olursunuz.<\/p>\n","protected":false},"excerpt":{"rendered":"<p>Son g\u00fcncelleme: Corilon violins srl Bu Gizlilik Politikas\u0131, www.mauro-lucini.it web sitesini (bundan b\u00f6yle &#8216;Site&#8217; olarak an\u0131lacakt\u0131r) ziyaret eden kullan\u0131c\u0131lar\u0131n ki\u015fisel verilerinin nas\u0131l topland\u0131\u011f\u0131n\u0131, kullan\u0131ld\u0131\u011f\u0131n\u0131, sakland\u0131\u011f\u0131n\u0131 ve korundu\u011funu a\u00e7\u0131klamaktad\u0131r. L\u00fctfen Siteyi kullanmadan veya herhangi bir ki\u015fisel veri sa\u011flamadan \u00f6nce bu Gizlilik Politikas\u0131n\u0131 dikkatlice okuyun. Siteyi kullanarak, bilgilerin bu Gizlilik Politikas\u0131na uygun olarak toplanmas\u0131na ve kullan\u0131lmas\u0131na izin [&hellip;]<\/p>\n","protected":false},"author":1,"featured_media":0,"parent":0,"menu_order":94,"comment_status":"closed","ping_status":"open","template":"","meta":{"_coblocks_attr":"","_coblocks_dimensions":"","_coblocks_responsive_height":"","_coblocks_accordion_ie_support":"","hide_page_title":"","footnotes":""},"class_list":["post-2202","page","type-page","status-publish","hentry"],"yoast_head":"<!-- This site is optimized with the Yoast SEO plugin v27.4 - https:\/\/yoast.com\/product\/yoast-seo-wordpress\/ -->\n<title>Gizlilik Politikas\u0131 - Mauro Lucini - Liutaio a Cremona<\/title>\n<meta name=\"robots\" content=\"index, follow, max-snippet:-1, max-image-preview:large, max-video-preview:-1\" \/>\n<link rel=\"canonical\" href=\"https:\/\/www.mauro-lucini.it\/tr\/gizlilik-politikasi\/\" \/>\n<meta property=\"og:locale\" content=\"tr_TR\" \/>\n<meta property=\"og:type\" content=\"article\" \/>\n<meta property=\"og:title\" content=\"Gizlilik Politikas\u0131 - Mauro Lucini - Liutaio a Cremona\" \/>\n<meta property=\"og:description\" content=\"Son g\u00fcncelleme: Corilon violins srl Bu Gizlilik Politikas\u0131, www.mauro-lucini.it web sitesini (bundan b\u00f6yle &#8216;Site&#8217; olarak an\u0131lacakt\u0131r) ziyaret eden kullan\u0131c\u0131lar\u0131n ki\u015fisel verilerinin nas\u0131l topland\u0131\u011f\u0131n\u0131, kullan\u0131ld\u0131\u011f\u0131n\u0131, sakland\u0131\u011f\u0131n\u0131 ve korundu\u011funu a\u00e7\u0131klamaktad\u0131r. L\u00fctfen Siteyi kullanmadan veya herhangi bir ki\u015fisel veri sa\u011flamadan \u00f6nce bu Gizlilik Politikas\u0131n\u0131 dikkatlice okuyun. Siteyi kullanarak, bilgilerin bu Gizlilik Politikas\u0131na uygun olarak toplanmas\u0131na ve kullan\u0131lmas\u0131na izin [&hellip;]\" \/>\n<meta property=\"og:url\" content=\"https:\/\/www.mauro-lucini.it\/tr\/gizlilik-politikasi\/\" \/>\n<meta property=\"og:site_name\" content=\"Mauro Lucini - Liutaio a Cremona\" \/>\n<meta property=\"article:modified_time\" content=\"2024-12-14T07:11:43+00:00\" \/>\n<meta name=\"twitter:card\" content=\"summary_large_image\" \/>\n<!-- \/ Yoast SEO plugin. -->","yoast_head_json":{"title":"Gizlilik Politikas\u0131 - Mauro Lucini - Liutaio a Cremona","robots":{"index":"index","follow":"follow","max-snippet":"max-snippet:-1","max-image-preview":"max-image-preview:large","max-video-preview":"max-video-preview:-1"},"canonical":"https:\/\/www.mauro-lucini.it\/tr\/gizlilik-politikasi\/","og_locale":"tr_TR","og_type":"article","og_title":"Gizlilik Politikas\u0131 - Mauro Lucini - Liutaio a Cremona","og_description":"Son g\u00fcncelleme: Corilon violins srl Bu Gizlilik Politikas\u0131, www.mauro-lucini.it web sitesini (bundan b\u00f6yle &#8216;Site&#8217; olarak an\u0131lacakt\u0131r) ziyaret eden kullan\u0131c\u0131lar\u0131n ki\u015fisel verilerinin nas\u0131l topland\u0131\u011f\u0131n\u0131, kullan\u0131ld\u0131\u011f\u0131n\u0131, sakland\u0131\u011f\u0131n\u0131 ve korundu\u011funu a\u00e7\u0131klamaktad\u0131r. L\u00fctfen Siteyi kullanmadan veya herhangi bir ki\u015fisel veri sa\u011flamadan \u00f6nce bu Gizlilik Politikas\u0131n\u0131 dikkatlice okuyun. Siteyi kullanarak, bilgilerin bu Gizlilik Politikas\u0131na uygun olarak toplanmas\u0131na ve kullan\u0131lmas\u0131na izin [&hellip;]","og_url":"https:\/\/www.mauro-lucini.it\/tr\/gizlilik-politikasi\/","og_site_name":"Mauro Lucini - Liutaio a Cremona","article_modified_time":"2024-12-14T07:11:43+00:00","twitter_card":"summary_large_image","schema":{"@context":"https:\/\/schema.org","@graph":[{"@type":"WebPage","@id":"https:\/\/www.mauro-lucini.it\/tr\/gizlilik-politikasi\/","url":"https:\/\/www.mauro-lucini.it\/tr\/gizlilik-politikasi\/","name":"Gizlilik Politikas\u0131 - Mauro Lucini - Liutaio a Cremona","isPartOf":{"@id":"https:\/\/www.mauro-lucini.it\/tr\/#website"},"datePublished":"2023-05-28T17:30:54+00:00","dateModified":"2024-12-14T07:11:43+00:00","breadcrumb":{"@id":"https:\/\/www.mauro-lucini.it\/tr\/gizlilik-politikasi\/#breadcrumb"},"inLanguage":"tr","potentialAction":[{"@type":"ReadAction","target":["https:\/\/www.mauro-lucini.it\/tr\/gizlilik-politikasi\/"]}]},{"@type":"BreadcrumbList","@id":"https:\/\/www.mauro-lucini.it\/tr\/gizlilik-politikasi\/#breadcrumb","itemListElement":[{"@type":"ListItem","position":1,"name":"Home","item":"https:\/\/www.mauro-lucini.it\/tr\/"},{"@type":"ListItem","position":2,"name":"Gizlilik Politikas\u0131"}]},{"@type":"WebSite","@id":"https:\/\/www.mauro-lucini.it\/tr\/#website","url":"https:\/\/www.mauro-lucini.it\/tr\/","name":"Mauro Lucini - Liutaio a Cremona","description":"Mauro Lucini liutaio a Cremona - 40 anni di passione ed esperienza","publisher":{"@id":"https:\/\/www.mauro-lucini.it\/tr\/#organization"},"potentialAction":[{"@type":"SearchAction","target":{"@type":"EntryPoint","urlTemplate":"https:\/\/www.mauro-lucini.it\/tr\/?s={search_term_string}"},"query-input":{"@type":"PropertyValueSpecification","valueRequired":true,"valueName":"search_term_string"}}],"inLanguage":"tr"},{"@type":"Organization","@id":"https:\/\/www.mauro-lucini.it\/tr\/#organization","name":"Mauro Lucini - Liutaio a Cremona","url":"https:\/\/www.mauro-lucini.it\/tr\/","logo":{"@type":"ImageObject","inLanguage":"tr","@id":"https:\/\/www.mauro-lucini.it\/tr\/#\/schema\/logo\/image\/","url":"https:\/\/www.mauro-lucini.it\/wp-content\/uploads\/2024\/09\/Mauro-Lucini-Liutaio-Cremona.png","contentUrl":"https:\/\/www.mauro-lucini.it\/wp-content\/uploads\/2024\/09\/Mauro-Lucini-Liutaio-Cremona.png","width":480,"height":84,"caption":"Mauro Lucini - Liutaio a Cremona"},"image":{"@id":"https:\/\/www.mauro-lucini.it\/tr\/#\/schema\/logo\/image\/"}}]}},"_links":{"self":[{"href":"https:\/\/www.mauro-lucini.it\/tr\/wp-json\/wp\/v2\/pages\/2202","targetHints":{"allow":["GET"]}}],"collection":[{"href":"https:\/\/www.mauro-lucini.it\/tr\/wp-json\/wp\/v2\/pages"}],"about":[{"href":"https:\/\/www.mauro-lucini.it\/tr\/wp-json\/wp\/v2\/types\/page"}],"author":[{"embeddable":true,"href":"https:\/\/www.mauro-lucini.it\/tr\/wp-json\/wp\/v2\/users\/1"}],"replies":[{"embeddable":true,"href":"https:\/\/www.mauro-lucini.it\/tr\/wp-json\/wp\/v2\/comments?post=2202"}],"version-history":[{"count":1,"href":"https:\/\/www.mauro-lucini.it\/tr\/wp-json\/wp\/v2\/pages\/2202\/revisions"}],"predecessor-version":[{"id":2208,"href":"https:\/\/www.mauro-lucini.it\/tr\/wp-json\/wp\/v2\/pages\/2202\/revisions\/2208"}],"wp:attachment":[{"href":"https:\/\/www.mauro-lucini.it\/tr\/wp-json\/wp\/v2\/media?parent=2202"}],"curies":[{"name":"wp","href":"https:\/\/api.w.org\/{rel}","templated":true}]}}