{"id":2421,"date":"2023-05-28T17:32:28","date_gmt":"2023-05-28T17:32:28","guid":{"rendered":"https:\/\/www.mauro-lucini.it\/warsztat-mauro-lucini-lutnik-w-cremonie"},"modified":"2025-09-05T20:09:25","modified_gmt":"2025-09-05T20:09:25","slug":"warsztat-mauro-lucini-lutnik-w-cremonie","status":"publish","type":"page","link":"https:\/\/www.mauro-lucini.it\/pl\/","title":{"rendered":"Warsztat Mauro Lucini &#8211; lutnik w Cremonie"},"content":{"rendered":"\n<div class=\"wp-block-cover alignfull mb-0 mt-0\" style=\"min-height:2131px;aspect-ratio:unset;\"><img loading=\"lazy\" decoding=\"async\" width=\"2560\" height=\"1703\" class=\"wp-block-cover__image-background wp-image-370\" alt=\"\" src=\"https:\/\/www.mauro-lucini.it\/wp-content\/uploads\/2023\/05\/crop-0-0-2560-1703-0-DSC_3681x-scaled.jpg\" data-object-fit=\"cover\" srcset=\"https:\/\/www.mauro-lucini.it\/wp-content\/uploads\/2023\/05\/crop-0-0-2560-1703-0-DSC_3681x-scaled.jpg 2560w, https:\/\/www.mauro-lucini.it\/wp-content\/uploads\/2023\/05\/crop-0-0-2560-1703-0-DSC_3681x-scaled-300x200.jpg 300w, https:\/\/www.mauro-lucini.it\/wp-content\/uploads\/2023\/05\/crop-0-0-2560-1703-0-DSC_3681x-scaled-1024x681.jpg 1024w, https:\/\/www.mauro-lucini.it\/wp-content\/uploads\/2023\/05\/crop-0-0-2560-1703-0-DSC_3681x-scaled-768x511.jpg 768w, https:\/\/www.mauro-lucini.it\/wp-content\/uploads\/2023\/05\/crop-0-0-2560-1703-0-DSC_3681x-scaled-1536x1022.jpg 1536w, https:\/\/www.mauro-lucini.it\/wp-content\/uploads\/2023\/05\/crop-0-0-2560-1703-0-DSC_3681x-scaled-2048x1362.jpg 2048w, https:\/\/www.mauro-lucini.it\/wp-content\/uploads\/2023\/05\/crop-0-0-2560-1703-0-DSC_3681x-scaled-600x399.jpg 600w\" sizes=\"auto, (max-width: 2560px) 100vw, 2560px\" \/><span aria-hidden=\"true\" class=\"wp-block-cover__background has-tertiary-background-color has-background-dim\"><\/span><div class=\"wp-block-cover__inner-container is-layout-flow wp-block-cover-is-layout-flow\">\n<h2 class=\"wp-block-heading has-text-align-center has-secondary-color has-text-color\">Sztuka kremo\u0144skich lutnik\u00f3w w jego r\u0119kach.  <\/h2>\n\n\n\n<p class=\"has-secondary-color has-text-color\">&#8222;Muzyka oczarowuje dusze, ale dzie\u0142a lutnik\u00f3w z Cremony czyni\u0105 je nie\u015bmiertelnymi&#8221;. Odkryj Cremon\u0119, miasto skrzypcowych cud\u00f3w w historycznym warsztacie Mauro Luciniego na Piazza San Michele. W warsztacie kremo\u0144skiego lutnika Mauro Luciniego w Cremonie, Piazza San Michele 7, rzemios\u0142o i pasja \u0142\u0105cz\u0105 si\u0119, tworz\u0105c dzie\u0142a sztuki d\u017awi\u0119kowej. Poczuj, jak drewno wibruje, struny ta\u0144cz\u0105, a d\u017awi\u0119k si\u0119 porusza. To magia lutnik\u00f3w z Cremony, gotowych podzieli\u0107 si\u0119 z Tob\u0105 muzycznym dziedzictwem wiek\u00f3w. Przyjd\u017a do warsztatu lutnika Mauro Luciniego i daj si\u0119 oczarowa\u0107 pi\u0119knu skrzypiec, kt\u00f3re podbi\u0142y \u015bwiat.  <\/p>\n\n\n\n<p><\/p>\n\n\n\n<figure class=\"wp-block-image alignfull size-large is-style-default\"><img loading=\"lazy\" decoding=\"async\" width=\"681\" height=\"1024\" src=\"https:\/\/www.mauro-lucini.it\/wp-content\/uploads\/2023\/06\/liutaio-mauro-lucini-681x1024.jpg\" alt=\"Lutnik Mauro Lucini\" class=\"wp-image-231\" srcset=\"https:\/\/www.mauro-lucini.it\/wp-content\/uploads\/2023\/06\/liutaio-mauro-lucini-681x1024.jpg 681w, https:\/\/www.mauro-lucini.it\/wp-content\/uploads\/2023\/06\/liutaio-mauro-lucini-200x300.jpg 200w, https:\/\/www.mauro-lucini.it\/wp-content\/uploads\/2023\/06\/liutaio-mauro-lucini-768x1154.jpg 768w, https:\/\/www.mauro-lucini.it\/wp-content\/uploads\/2023\/06\/liutaio-mauro-lucini-1022x1536.jpg 1022w, https:\/\/www.mauro-lucini.it\/wp-content\/uploads\/2023\/06\/liutaio-mauro-lucini-1363x2048.jpg 1363w, https:\/\/www.mauro-lucini.it\/wp-content\/uploads\/2023\/06\/liutaio-mauro-lucini-600x902.jpg 600w, https:\/\/www.mauro-lucini.it\/wp-content\/uploads\/2023\/06\/liutaio-mauro-lucini-scaled.jpg 1703w\" sizes=\"auto, (max-width: 681px) 100vw, 681px\" \/><\/figure>\n\n\n\n<h2 class=\"wp-block-heading has-text-align-center has-secondary-color has-text-color\">Narz\u0119dzia \u0142\u0105cz\u0105ce do\u015bwiadczenie i kunszt<\/h2>\n\n\n\n<p class=\"has-secondary-color has-text-color\">Mauro Lucini, lutnik z Cremony z ponad 40-letnim do\u015bwiadczeniem, wraz z kolegami stworzy\u0142 instrumenty, kt\u00f3re \u0142\u0105cz\u0105 w sobie kunszt i pasj\u0119. Po d\u0142ugiej i znakomitej karierze przeszed\u0142 niedawno na emerytur\u0119 i powierzy\u0142 swoje cenne dziedzictwo opiece szanownych koleg\u00f3w. Pomimo przej\u015bcia na emerytur\u0119, lutnik Mauro Lucini nadal regularnie nadzoruje prac\u0119 lutnik\u00f3w w swoim ukochanym warsztacie, kontynuuj\u0105c tradycj\u0119 i zapewniaj\u0105c nienagann\u0105 jako\u015b\u0107 kreacji. Jego sta\u0142a obecno\u015b\u0107 i wskaz\u00f3wki zapewniaj\u0105, \u017ce jego artystyczna wizja i bezcenne know-how \u017cyj\u0105 w dzie\u0142ach sztuki, kt\u00f3re wychodz\u0105 z jego warsztatu, dla przyjemno\u015bci i inspiracji muzyk\u00f3w na ca\u0142ym \u015bwiecie.<\/p>\n\n\n\n<p><\/p>\n\n\n\n<h2 class=\"wp-block-heading has-text-align-center has-secondary-color has-text-color\">Doskona\u0142o\u015b\u0107 d\u017awi\u0119ku i pi\u0119kna<\/h2>\n\n\n\n<p class=\"has-secondary-color has-text-color\">W swoim historycznym warsztacie lutniczym, lutnik Mauro Lucini i jego koledzy buduj\u0105 instrumenty o wyj\u0105tkowej jako\u015bci d\u017awi\u0119ku i pi\u0119knie. Jego dzie\u0142a obejmuj\u0105 zar\u00f3wno proste skrzypce, kt\u00f3re s\u0105 wyka\u0144czane i lakierowane w jego warsztacie, jak i skrzypce mistrzowskie, kt\u00f3re s\u0105 wynikiem drobiazgowego rzemios\u0142a i dzi\u0119ki wieloletniemu do\u015bwiadczeniu s\u0105 stale doskonalone, aby osi\u0105gn\u0105\u0107 wyj\u0105tkow\u0105 jako\u015b\u0107 d\u017awi\u0119ku. Mauro Lucini inwestuje r\u00f3wnie\u017c setki godzin cierpliwego rzemios\u0142a w budow\u0119 swoich presti\u017cowych instrument\u00f3w koncertowych. Ka\u017cdy szczeg\u00f3\u0142 jest dopracowany z niezwyk\u0142\u0105 precyzj\u0105, aby stworzy\u0107 autentyczne arcydzie\u0142a, kt\u00f3re wyra\u017caj\u0105 dusz\u0119 i kunszt lutnika.<\/p>\n<\/div><\/div>\n\n<div class=\"wp-block-columns alignwide is-layout-flex wp-container-core-columns-is-layout-9d6595d7 wp-block-columns-is-layout-flex\">\n<div class=\"wp-block-column is-layout-flow wp-block-column-is-layout-flow\" style=\"flex-basis:66.66%\">\n<h2 class=\"wp-block-heading\">Lutnik w Cremonie: dekady do\u015bwiadczenia w rzemio\u015ble artystycznym<\/h2>\n\n\n\n<p>Odkryj doskona\u0142o\u015b\u0107 skrzypiec Cremonese z mi\u0119dzynarodowej s\u0142awy lutnikiem Mauro Lucini i jego kolegami z Corilon violins srl. W swoim historycznym warsztacie na Piazza San Michele, lutnik Mauro Lucini i jego wsp\u00f3\u0142pracownicy tworz\u0105 i udoskonalaj\u0105 skrzypce, kt\u00f3re zachwycaj\u0105 meloman\u00f3w z ca\u0142ego \u015bwiata. Dzi\u0119ki rzemios\u0142u przekazywanemu z pokolenia na pokolenie, Officina Mauro Lucini \u0142\u0105czy staro\u017cytne umiej\u0119tno\u015bci rzemie\u015blnicze z innowacyjnymi technikami, tworz\u0105c dost\u0119pne instrumenty o wyj\u0105tkowym pi\u0119knie i brzmieniu. Ka\u017cdy szczeg\u00f3\u0142 jest wykonywany z niezwyk\u0142\u0105 precyzj\u0105, od wyboru najlepszego drewna po delikatne wyko\u0144czenia, kt\u00f3re nadaj\u0105 jego kreacjom aur\u0119 ponadczasowej elegancji. Doceniane przez skrzypk\u00f3w, wirtuoz\u00f3w i kolekcjoner\u00f3w na ca\u0142ym \u015bwiecie, skrzypce Officina Mauro Lucini s\u0105 autentycznymi dzie\u0142ami sztuki d\u017awi\u0119kowej. Odwied\u017a jego fascynuj\u0105cy warsztat lutniczy w Cremonie. Mauro Lucini i jego wsp\u00f3\u0142pracownicy z przyjemno\u015bci\u0105 podziel\u0105 si\u0119 z Tob\u0105 swoj\u0105 pasj\u0105 do muzyki i zaoferuj\u0105 Ci niezapomniane wra\u017cenia w sercu kremo\u0144skiej tradycji lutniczej.<\/p>\n\n\n\n<figure class=\"wp-block-image\"><img loading=\"lazy\" decoding=\"async\" width=\"1024\" height=\"763\" src=\"https:\/\/www.mauro-lucini.it\/wp-content\/uploads\/2023\/05\/piazza-san-michele-cremona-1024x763.jpg\" alt=\"\" class=\"wp-image-50\" srcset=\"https:\/\/www.mauro-lucini.it\/wp-content\/uploads\/2023\/05\/piazza-san-michele-cremona-1024x763.jpg 1024w, https:\/\/www.mauro-lucini.it\/wp-content\/uploads\/2023\/05\/piazza-san-michele-cremona-scaled-600x447.jpg 600w, https:\/\/www.mauro-lucini.it\/wp-content\/uploads\/2023\/05\/piazza-san-michele-cremona-300x224.jpg 300w, https:\/\/www.mauro-lucini.it\/wp-content\/uploads\/2023\/05\/piazza-san-michele-cremona-768x572.jpg 768w, https:\/\/www.mauro-lucini.it\/wp-content\/uploads\/2023\/05\/piazza-san-michele-cremona-1536x1145.jpg 1536w, https:\/\/www.mauro-lucini.it\/wp-content\/uploads\/2023\/05\/piazza-san-michele-cremona-2048x1526.jpg 2048w\" sizes=\"auto, (max-width: 1024px) 100vw, 1024px\" \/><\/figure>\n<\/div>\n\n\n\n<div class=\"wp-block-column is-layout-flow wp-block-column-is-layout-flow\" style=\"flex-basis:33.33%\">\n<p><strong>Lutnik w Cremonie<\/strong><\/p>\n\n\n\n<p>Warsztaty Mauro Lucini<\/p>\n\n\n\n<p>St. Michael&#8217;s Square, 7<\/p>\n\n\n\n<p>26100 Cremona (CR)<\/p>\n\n\n\n<p><br\/>mauro@mauro-lucini.it t. 327 8445119<\/p>\n<\/div>\n<\/div>\n\n<h2 class=\"wp-block-heading has-text-align-center\"><\/h2>\n<div data-align-buttons=\"true\" data-block-name=\"woocommerce\/product-new\" data-content-visibility=\"{&quot;image&quot;:true,&quot;title&quot;:true,&quot;price&quot;:true,&quot;rating&quot;:false,&quot;button&quot;:false}\" data-stock-status=\"[&quot;&quot;,&quot;&quot;,&quot;&quot;,&quot;instock&quot;,&quot;onbackorder&quot;,&quot;outofstock&quot;]\" class=\"wc-block-grid wp-block-product-new wp-block-woocommerce-product-new wc-block-product-new has-3-columns has-multiple-rows alignwide has-aligned-buttons\"><ul class=\"wc-block-grid__products\"><li class=\"wc-block-grid__product\">\n\t\t\t\t<a href=\"https:\/\/www.mauro-lucini.it\/pl\/negozio-di-violini\/skrzypce-kremonskie\/skrzypce-z-cremony-wedlug-antonio-stradivariego-warsztat-mauro-lucini-nr-72\/\" class=\"wc-block-grid__product-link\">\n\t\t\t\t\t\n\t\t\t\t\t<div class=\"wc-block-grid__product-image\"><img loading=\"lazy\" decoding=\"async\" width=\"300\" height=\"300\" src=\"https:\/\/www.mauro-lucini.it\/wp-content\/uploads\/2025\/05\/mauro-lucini-creona-n72-1-300x300.jpg\" class=\"attachment-woocommerce_thumbnail size-woocommerce_thumbnail\" alt=\"Skrzypce z Cremony wed\u0142ug Antonio Stradivariego, warsztat Mauro Lucini nr 72\" srcset=\"https:\/\/www.mauro-lucini.it\/wp-content\/uploads\/2025\/05\/mauro-lucini-creona-n72-1-300x300.jpg 300w, https:\/\/www.mauro-lucini.it\/wp-content\/uploads\/2025\/05\/mauro-lucini-creona-n72-1-150x150.jpg 150w, https:\/\/www.mauro-lucini.it\/wp-content\/uploads\/2025\/05\/mauro-lucini-creona-n72-1-100x100.jpg 100w\" sizes=\"auto, (max-width: 300px) 100vw, 300px\" \/><\/div>\n\t\t\t\t\t<div class=\"wc-block-grid__product-title\">Skrzypce z Cremony wed\u0142ug Antonio Stradivariego, warsztat Mauro Lucini nr 72<\/div>\n\t\t\t\t<\/a>\n\t\t\t\t<div class=\"wc-block-grid__product-price price\"><span class=\"woocommerce-Price-amount amount\">4.990&nbsp;<span class=\"woocommerce-Price-currencySymbol\">&euro;<\/span><\/span><\/div>\n\t\t\t\t\n\t\t\t\t\n\t\t\t<\/li><li class=\"wc-block-grid__product\">\n\t\t\t\t<a href=\"https:\/\/www.mauro-lucini.it\/pl\/negozio-di-violini\/skrzypce-kremonskie\/skrzypce-cremona-nr-69-officina-mauro-lucini-cremona-2024-z-certyfikatem\/\" class=\"wc-block-grid__product-link\">\n\t\t\t\t\t\n\t\t\t\t\t<div class=\"wc-block-grid__product-image\"><img loading=\"lazy\" decoding=\"async\" width=\"300\" height=\"300\" src=\"https:\/\/www.mauro-lucini.it\/wp-content\/uploads\/2025\/05\/mauro-lucini-no69-1-300x300.jpg\" class=\"attachment-woocommerce_thumbnail size-woocommerce_thumbnail\" alt=\"Skrzypce Cremona nr. 69 Officina Mauro Lucini, Cremona 2024 (z certyfikatem)\" srcset=\"https:\/\/www.mauro-lucini.it\/wp-content\/uploads\/2025\/05\/mauro-lucini-no69-1-300x300.jpg 300w, https:\/\/www.mauro-lucini.it\/wp-content\/uploads\/2025\/05\/mauro-lucini-no69-1-150x150.jpg 150w, https:\/\/www.mauro-lucini.it\/wp-content\/uploads\/2025\/05\/mauro-lucini-no69-1-100x100.jpg 100w\" sizes=\"auto, (max-width: 300px) 100vw, 300px\" \/><\/div>\n\t\t\t\t\t<div class=\"wc-block-grid__product-title\">Skrzypce Cremona nr. 69 Officina Mauro Lucini, Cremona 2024 (z certyfikatem)<\/div>\n\t\t\t\t<\/a>\n\t\t\t\t<div class=\"wc-block-grid__product-price price\"><span class=\"woocommerce-Price-amount amount\">4.990&nbsp;<span class=\"woocommerce-Price-currencySymbol\">&euro;<\/span><\/span><\/div>\n\t\t\t\t\n\t\t\t\t\n\t\t\t<\/li><li class=\"wc-block-grid__product\">\n\t\t\t\t<a href=\"https:\/\/www.mauro-lucini.it\/pl\/negozio-di-violini\/skrzypce-kremonskie\/cremona-skrzypce-nr-36-officina-mauro-lucini-2024\/\" class=\"wc-block-grid__product-link\">\n\t\t\t\t\t\n\t\t\t\t\t<div class=\"wc-block-grid__product-image\"><img loading=\"lazy\" decoding=\"async\" width=\"300\" height=\"300\" src=\"https:\/\/www.mauro-lucini.it\/wp-content\/uploads\/2025\/01\/mauro-lucini-guarneri-7602-1-300x300.jpg\" class=\"attachment-woocommerce_thumbnail size-woocommerce_thumbnail\" alt=\"Skrzypce nr. 36 Officina Mauro Lucini, Cremona 2024 - SPRZEDANE\" srcset=\"https:\/\/www.mauro-lucini.it\/wp-content\/uploads\/2025\/01\/mauro-lucini-guarneri-7602-1-300x300.jpg 300w, https:\/\/www.mauro-lucini.it\/wp-content\/uploads\/2025\/01\/mauro-lucini-guarneri-7602-1-150x150.jpg 150w, https:\/\/www.mauro-lucini.it\/wp-content\/uploads\/2025\/01\/mauro-lucini-guarneri-7602-1-100x100.jpg 100w\" sizes=\"auto, (max-width: 300px) 100vw, 300px\" \/><\/div>\n\t\t\t\t\t<div class=\"wc-block-grid__product-title\">Skrzypce nr. 36 Officina Mauro Lucini, Cremona 2024 &#8211; SPRZEDANE<\/div>\n\t\t\t\t<\/a>\n\t\t\t\t<div class=\"wc-block-grid__product-price price\"><span class=\"woocommerce-Price-amount amount\">5.990&nbsp;<span class=\"woocommerce-Price-currencySymbol\">&euro;<\/span><\/span><\/div>\n\t\t\t\t\n\t\t\t\t\n\t\t\t<\/li><li class=\"wc-block-grid__product\">\n\t\t\t\t<a href=\"https:\/\/www.mauro-lucini.it\/pl\/negozio-di-violini\/skrzypce-kremonskie\/skrzypce-nr-30-officina-mauro-lucini-cremona-2024\/\" class=\"wc-block-grid__product-link\">\n\t\t\t\t\t\n\t\t\t\t\t<div class=\"wc-block-grid__product-image\"><img loading=\"lazy\" decoding=\"async\" width=\"300\" height=\"300\" src=\"https:\/\/www.mauro-lucini.it\/wp-content\/uploads\/2025\/01\/mauro-lucini-stradivari-7601-1_1890x1890-300x300.jpg\" class=\"attachment-woocommerce_thumbnail size-woocommerce_thumbnail\" alt=\"Skrzypce nr. 30 Officina Mauro Lucini, Cremona 2024 - SPRZEDANE\" srcset=\"https:\/\/www.mauro-lucini.it\/wp-content\/uploads\/2025\/01\/mauro-lucini-stradivari-7601-1_1890x1890-300x300.jpg 300w, https:\/\/www.mauro-lucini.it\/wp-content\/uploads\/2025\/01\/mauro-lucini-stradivari-7601-1_1890x1890-150x150.jpg 150w, https:\/\/www.mauro-lucini.it\/wp-content\/uploads\/2025\/01\/mauro-lucini-stradivari-7601-1_1890x1890-100x100.jpg 100w\" sizes=\"auto, (max-width: 300px) 100vw, 300px\" \/><\/div>\n\t\t\t\t\t<div class=\"wc-block-grid__product-title\">Skrzypce nr. 30 Officina Mauro Lucini, Cremona 2024 &#8211; SPRZEDANE<\/div>\n\t\t\t\t<\/a>\n\t\t\t\t<div class=\"wc-block-grid__product-price price\"><span class=\"woocommerce-Price-amount amount\">5.990&nbsp;<span class=\"woocommerce-Price-currencySymbol\">&euro;<\/span><\/span><\/div>\n\t\t\t\t\n\t\t\t\t\n\t\t\t<\/li><li class=\"wc-block-grid__product\">\n\t\t\t\t<a href=\"https:\/\/www.mauro-lucini.it\/pl\/negozio-di-violini\/skrzypce-kremonskie\/mauro-lucini-cremona-2024-skrzypce-nr-42\/\" class=\"wc-block-grid__product-link\">\n\t\t\t\t\t\n\t\t\t\t\t<div class=\"wc-block-grid__product-image\"><img loading=\"lazy\" decoding=\"async\" width=\"300\" height=\"300\" src=\"https:\/\/www.mauro-lucini.it\/wp-content\/uploads\/2024\/12\/mauro-lucini-no42-1_1890x1890-1-300x300.jpg\" class=\"attachment-woocommerce_thumbnail size-woocommerce_thumbnail\" alt=\"Skrzypce nr 42 Officina Mauro Lucini, Cremona 2024 \u2013 SPRZEDANE\" srcset=\"https:\/\/www.mauro-lucini.it\/wp-content\/uploads\/2024\/12\/mauro-lucini-no42-1_1890x1890-1-300x300.jpg 300w, https:\/\/www.mauro-lucini.it\/wp-content\/uploads\/2024\/12\/mauro-lucini-no42-1_1890x1890-1-150x150.jpg 150w, https:\/\/www.mauro-lucini.it\/wp-content\/uploads\/2024\/12\/mauro-lucini-no42-1_1890x1890-1-100x100.jpg 100w\" sizes=\"auto, (max-width: 300px) 100vw, 300px\" \/><\/div>\n\t\t\t\t\t<div class=\"wc-block-grid__product-title\">Skrzypce nr 42 Officina Mauro Lucini, Cremona 2024 \u2013 SPRZEDANE<\/div>\n\t\t\t\t<\/a>\n\t\t\t\t<div class=\"wc-block-grid__product-price price\"><span class=\"woocommerce-Price-amount amount\">4.990&nbsp;<span class=\"woocommerce-Price-currencySymbol\">&euro;<\/span><\/span><\/div>\n\t\t\t\t\n\t\t\t\t\n\t\t\t<\/li><li class=\"wc-block-grid__product\">\n\t\t\t\t<a href=\"https:\/\/www.mauro-lucini.it\/pl\/negozio-di-violini\/altowki-kremonsie\/cremona-altowka-395-cm-officina-mauro-lucini-2024\/\" class=\"wc-block-grid__product-link\">\n\t\t\t\t\t\n\t\t\t\t\t<div class=\"wc-block-grid__product-image\"><img loading=\"lazy\" decoding=\"async\" width=\"300\" height=\"300\" src=\"https:\/\/www.mauro-lucini.it\/wp-content\/uploads\/2024\/12\/mauro-lucini-viola-no26-300x300.jpg\" class=\"attachment-woocommerce_thumbnail size-woocommerce_thumbnail\" alt=\"Alt\u00f3wka 39,5 cm, Officina Mauro Lucini, Cremona, 2024 - SPRZEDANE\" srcset=\"https:\/\/www.mauro-lucini.it\/wp-content\/uploads\/2024\/12\/mauro-lucini-viola-no26-300x300.jpg 300w, https:\/\/www.mauro-lucini.it\/wp-content\/uploads\/2024\/12\/mauro-lucini-viola-no26-150x150.jpg 150w, https:\/\/www.mauro-lucini.it\/wp-content\/uploads\/2024\/12\/mauro-lucini-viola-no26-100x100.jpg 100w\" sizes=\"auto, (max-width: 300px) 100vw, 300px\" \/><\/div>\n\t\t\t\t\t<div class=\"wc-block-grid__product-title\">Alt\u00f3wka 39,5 cm, Officina Mauro Lucini, Cremona, 2024 &#8211; SPRZEDANE<\/div>\n\t\t\t\t<\/a>\n\t\t\t\t<div class=\"wc-block-grid__product-price price\"><span class=\"woocommerce-Price-amount amount\">4.380&nbsp;<span class=\"woocommerce-Price-currencySymbol\">&euro;<\/span><\/span><\/div>\n\t\t\t\t\n\t\t\t\t\n\t\t\t<\/li><li class=\"wc-block-grid__product\">\n\t\t\t\t<a href=\"https:\/\/www.mauro-lucini.it\/pl\/negozio-di-violini\/skrzypce-kremonskie\/skrzypce-nr-24-officina-mauro-lucini-cremona-2024\/\" class=\"wc-block-grid__product-link\">\n\t\t\t\t\t\n\t\t\t\t\t<div class=\"wc-block-grid__product-image\"><img loading=\"lazy\" decoding=\"async\" width=\"300\" height=\"300\" src=\"https:\/\/www.mauro-lucini.it\/wp-content\/uploads\/2024\/08\/mauro-lucini-cremona-ml24-2-300x300.jpg\" class=\"attachment-woocommerce_thumbnail size-woocommerce_thumbnail\" alt=\"Skrzypce nr. 24 Officina Mauro Lucini, Cremona 2024 - SPRZEDANE\" srcset=\"https:\/\/www.mauro-lucini.it\/wp-content\/uploads\/2024\/08\/mauro-lucini-cremona-ml24-2-300x300.jpg 300w, https:\/\/www.mauro-lucini.it\/wp-content\/uploads\/2024\/08\/mauro-lucini-cremona-ml24-2-150x150.jpg 150w, https:\/\/www.mauro-lucini.it\/wp-content\/uploads\/2024\/08\/mauro-lucini-cremona-ml24-2-100x100.jpg 100w\" sizes=\"auto, (max-width: 300px) 100vw, 300px\" \/><\/div>\n\t\t\t\t\t<div class=\"wc-block-grid__product-title\">Skrzypce nr. 24 Officina Mauro Lucini, Cremona 2024 &#8211; SPRZEDANE<\/div>\n\t\t\t\t<\/a>\n\t\t\t\t<div class=\"wc-block-grid__product-price price\"><span class=\"woocommerce-Price-amount amount\">4.490&nbsp;<span class=\"woocommerce-Price-currencySymbol\">&euro;<\/span><\/span><\/div>\n\t\t\t\t\n\t\t\t\t\n\t\t\t<\/li><li class=\"wc-block-grid__product\">\n\t\t\t\t<a href=\"https:\/\/www.mauro-lucini.it\/pl\/negozio-di-violini\/skrzypce-kremonskie\/skrzypce-officina-mauro-lucini-nr-23-cremona-2024\/\" class=\"wc-block-grid__product-link\">\n\t\t\t\t\t\n\t\t\t\t\t<div class=\"wc-block-grid__product-image\"><img loading=\"lazy\" decoding=\"async\" width=\"300\" height=\"300\" src=\"https:\/\/www.mauro-lucini.it\/wp-content\/uploads\/2024\/08\/mauro-lucini-no23-2-300x300.jpg\" class=\"attachment-woocommerce_thumbnail size-woocommerce_thumbnail\" alt=\"Skrzypce Officina Mauro Lucini nr 23, Cremona 2024 - SPRZEDANE\" srcset=\"https:\/\/www.mauro-lucini.it\/wp-content\/uploads\/2024\/08\/mauro-lucini-no23-2-300x300.jpg 300w, https:\/\/www.mauro-lucini.it\/wp-content\/uploads\/2024\/08\/mauro-lucini-no23-2-150x150.jpg 150w, https:\/\/www.mauro-lucini.it\/wp-content\/uploads\/2024\/08\/mauro-lucini-no23-2-100x100.jpg 100w\" sizes=\"auto, (max-width: 300px) 100vw, 300px\" \/><\/div>\n\t\t\t\t\t<div class=\"wc-block-grid__product-title\">Skrzypce Officina Mauro Lucini nr 23, Cremona 2024 &#8211; SPRZEDANE<\/div>\n\t\t\t\t<\/a>\n\t\t\t\t<div class=\"wc-block-grid__product-price price\"><span class=\"woocommerce-Price-amount amount\">3.990&nbsp;<span class=\"woocommerce-Price-currencySymbol\">&euro;<\/span><\/span><\/div>\n\t\t\t\t\n\t\t\t\t\n\t\t\t<\/li><li class=\"wc-block-grid__product\">\n\t\t\t\t<a href=\"https:\/\/www.mauro-lucini.it\/pl\/negozio-di-violini\/skrzypce-kremonskie\/skrzypce-officina-mauro-lucini-nr-15-cremona-2023\/\" class=\"wc-block-grid__product-link\">\n\t\t\t\t\t\n\t\t\t\t\t<div class=\"wc-block-grid__product-image\"><img loading=\"lazy\" decoding=\"async\" width=\"300\" height=\"300\" src=\"https:\/\/www.mauro-lucini.it\/wp-content\/uploads\/2024\/05\/mauro-lucini-guarneri-15-1-300x300.jpg\" class=\"attachment-woocommerce_thumbnail size-woocommerce_thumbnail\" alt=\"Skrzypce Officina Mauro Lucini nr. 15, Cremona 2023 - SPRZEDANE\" srcset=\"https:\/\/www.mauro-lucini.it\/wp-content\/uploads\/2024\/05\/mauro-lucini-guarneri-15-1-300x300.jpg 300w, https:\/\/www.mauro-lucini.it\/wp-content\/uploads\/2024\/05\/mauro-lucini-guarneri-15-1-150x150.jpg 150w, https:\/\/www.mauro-lucini.it\/wp-content\/uploads\/2024\/05\/mauro-lucini-guarneri-15-1-100x100.jpg 100w\" sizes=\"auto, (max-width: 300px) 100vw, 300px\" \/><\/div>\n\t\t\t\t\t<div class=\"wc-block-grid__product-title\">Skrzypce Officina Mauro Lucini nr. 15, Cremona 2023 &#8211; SPRZEDANE<\/div>\n\t\t\t\t<\/a>\n\t\t\t\t<div class=\"wc-block-grid__product-price price\"><span class=\"woocommerce-Price-amount amount\">3.890&nbsp;<span class=\"woocommerce-Price-currencySymbol\">&euro;<\/span><\/span><\/div>\n\t\t\t\t\n\t\t\t\t\n\t\t\t<\/li><\/ul><\/div>\n<figure class=\"wp-block-gallery alignfull has-nested-images columns-default is-cropped wp-block-gallery-1 is-layout-flex wp-block-gallery-is-layout-flex\">\n<figure class=\"wp-block-image size-large\"><img loading=\"lazy\" decoding=\"async\" width=\"1024\" height=\"681\" data-id=\"225\" src=\"https:\/\/www.mauro-lucini.it\/wp-content\/uploads\/2023\/06\/MAURO-LUCINI3-1024x681.jpg\" alt=\"\" class=\"wp-image-225\" srcset=\"https:\/\/www.mauro-lucini.it\/wp-content\/uploads\/2023\/06\/MAURO-LUCINI3-1024x681.jpg 1024w, https:\/\/www.mauro-lucini.it\/wp-content\/uploads\/2023\/06\/MAURO-LUCINI3-300x200.jpg 300w, https:\/\/www.mauro-lucini.it\/wp-content\/uploads\/2023\/06\/MAURO-LUCINI3-768x511.jpg 768w, https:\/\/www.mauro-lucini.it\/wp-content\/uploads\/2023\/06\/MAURO-LUCINI3-1536x1022.jpg 1536w, https:\/\/www.mauro-lucini.it\/wp-content\/uploads\/2023\/06\/MAURO-LUCINI3-2048x1363.jpg 2048w, https:\/\/www.mauro-lucini.it\/wp-content\/uploads\/2023\/06\/MAURO-LUCINI3-600x399.jpg 600w\" sizes=\"auto, (max-width: 1024px) 100vw, 1024px\" \/><\/figure>\n<\/figure>\n","protected":false},"excerpt":{"rendered":"<p>Lutnik w Cremonie: dekady do\u015bwiadczenia w rzemio\u015ble artystycznym Odkryj doskona\u0142o\u015b\u0107 skrzypiec Cremonese z mi\u0119dzynarodowej s\u0142awy lutnikiem Mauro Lucini i jego kolegami z Corilon violins srl. W swoim historycznym warsztacie na Piazza San Michele, lutnik Mauro Lucini i jego wsp\u00f3\u0142pracownicy tworz\u0105 i udoskonalaj\u0105 skrzypce, kt\u00f3re zachwycaj\u0105 meloman\u00f3w z ca\u0142ego \u015bwiata. Dzi\u0119ki rzemios\u0142u przekazywanemu z pokolenia na [&hellip;]<\/p>\n","protected":false},"author":1,"featured_media":0,"parent":0,"menu_order":0,"comment_status":"closed","ping_status":"closed","template":"","meta":{"_coblocks_attr":"","_coblocks_dimensions":"","_coblocks_responsive_height":"","_coblocks_accordion_ie_support":"","hide_page_title":"","footnotes":""},"class_list":["post-2421","page","type-page","status-publish","hentry"],"yoast_head":"<!-- This site is optimized with the Yoast SEO plugin v27.4 - https:\/\/yoast.com\/product\/yoast-seo-wordpress\/ -->\n<title>Mauro Lucini - lutnik z Cremony: wyj\u0105tkowe instrumenty artystyczne<\/title>\n<meta name=\"description\" content=\"Officina Mauro Lucini: Doskona\u0142o\u015b\u0107 d\u017awi\u0119ku i pi\u0119kna - kremo\u0144ski lutnik na Piazza S. Michele, 7 | +39 327 844 5119\" \/>\n<meta name=\"robots\" content=\"index, follow, max-snippet:-1, max-image-preview:large, max-video-preview:-1\" \/>\n<link rel=\"canonical\" href=\"https:\/\/www.mauro-lucini.it\/pl\/\" \/>\n<meta property=\"og:locale\" content=\"pl_PL\" \/>\n<meta property=\"og:type\" content=\"article\" \/>\n<meta property=\"og:title\" content=\"Mauro Lucini - lutnik z Cremony: wyj\u0105tkowe instrumenty artystyczne\" \/>\n<meta property=\"og:description\" content=\"Officina Mauro Lucini: Doskona\u0142o\u015b\u0107 d\u017awi\u0119ku i pi\u0119kna - kremo\u0144ski lutnik na Piazza S. Michele, 7 | +39 327 844 5119\" \/>\n<meta property=\"og:url\" content=\"https:\/\/www.mauro-lucini.it\/pl\/\" \/>\n<meta property=\"og:site_name\" content=\"Mauro Lucini - Liutaio a Cremona\" \/>\n<meta property=\"article:modified_time\" content=\"2025-09-05T20:09:25+00:00\" \/>\n<meta property=\"og:image\" content=\"https:\/\/www.mauro-lucini.it\/wp-content\/uploads\/2023\/05\/crop-0-0-2560-1703-0-DSC_3681x-scaled.jpg\" \/>\n\t<meta property=\"og:image:width\" content=\"2560\" \/>\n\t<meta property=\"og:image:height\" content=\"1703\" \/>\n\t<meta property=\"og:image:type\" content=\"image\/jpeg\" \/>\n<meta name=\"twitter:card\" content=\"summary_large_image\" \/>\n<!-- \/ Yoast SEO plugin. -->","yoast_head_json":{"title":"Mauro Lucini - lutnik z Cremony: wyj\u0105tkowe instrumenty artystyczne","description":"Officina Mauro Lucini: Doskona\u0142o\u015b\u0107 d\u017awi\u0119ku i pi\u0119kna - kremo\u0144ski lutnik na Piazza S. Michele, 7 | +39 327 844 5119","robots":{"index":"index","follow":"follow","max-snippet":"max-snippet:-1","max-image-preview":"max-image-preview:large","max-video-preview":"max-video-preview:-1"},"canonical":"https:\/\/www.mauro-lucini.it\/pl\/","og_locale":"pl_PL","og_type":"article","og_title":"Mauro Lucini - lutnik z Cremony: wyj\u0105tkowe instrumenty artystyczne","og_description":"Officina Mauro Lucini: Doskona\u0142o\u015b\u0107 d\u017awi\u0119ku i pi\u0119kna - kremo\u0144ski lutnik na Piazza S. Michele, 7 | +39 327 844 5119","og_url":"https:\/\/www.mauro-lucini.it\/pl\/","og_site_name":"Mauro Lucini - Liutaio a Cremona","article_modified_time":"2025-09-05T20:09:25+00:00","og_image":[{"width":2560,"height":1703,"url":"https:\/\/www.mauro-lucini.it\/wp-content\/uploads\/2023\/05\/crop-0-0-2560-1703-0-DSC_3681x-scaled.jpg","type":"image\/jpeg"}],"twitter_card":"summary_large_image","schema":{"@context":"https:\/\/schema.org","@graph":[{"@type":"WebPage","@id":"https:\/\/www.mauro-lucini.it\/pl\/","url":"https:\/\/www.mauro-lucini.it\/pl\/","name":"Mauro Lucini - lutnik z Cremony: wyj\u0105tkowe instrumenty artystyczne","isPartOf":{"@id":"https:\/\/www.mauro-lucini.it\/pl\/#website"},"primaryImageOfPage":{"@id":"https:\/\/www.mauro-lucini.it\/pl\/#primaryimage"},"image":{"@id":"https:\/\/www.mauro-lucini.it\/pl\/#primaryimage"},"thumbnailUrl":"https:\/\/www.mauro-lucini.it\/wp-content\/uploads\/2023\/05\/crop-0-0-2560-1703-0-DSC_3681x-scaled.jpg","datePublished":"2023-05-28T17:32:28+00:00","dateModified":"2025-09-05T20:09:25+00:00","description":"Officina Mauro Lucini: Doskona\u0142o\u015b\u0107 d\u017awi\u0119ku i pi\u0119kna - kremo\u0144ski lutnik na Piazza S. Michele, 7 | +39 327 844 5119","breadcrumb":{"@id":"https:\/\/www.mauro-lucini.it\/pl\/#breadcrumb"},"inLanguage":"pl-PL","potentialAction":[{"@type":"ReadAction","target":["https:\/\/www.mauro-lucini.it\/pl\/"]}]},{"@type":"ImageObject","inLanguage":"pl-PL","@id":"https:\/\/www.mauro-lucini.it\/pl\/#primaryimage","url":"https:\/\/www.mauro-lucini.it\/wp-content\/uploads\/2023\/05\/crop-0-0-2560-1703-0-DSC_3681x-scaled.jpg","contentUrl":"https:\/\/www.mauro-lucini.it\/wp-content\/uploads\/2023\/05\/crop-0-0-2560-1703-0-DSC_3681x-scaled.jpg"},{"@type":"BreadcrumbList","@id":"https:\/\/www.mauro-lucini.it\/pl\/#breadcrumb","itemListElement":[{"@type":"ListItem","position":1,"name":"Home","item":"https:\/\/www.mauro-lucini.it\/pl\/"},{"@type":"ListItem","position":2,"name":"Lutnik w Cremonie"}]},{"@type":"WebSite","@id":"https:\/\/www.mauro-lucini.it\/pl\/#website","url":"https:\/\/www.mauro-lucini.it\/pl\/","name":"Mauro Lucini - Liutaio a Cremona","description":"Mauro Lucini liutaio a Cremona - 40 anni di passione ed esperienza","publisher":{"@id":"https:\/\/www.mauro-lucini.it\/pl\/#organization"},"potentialAction":[{"@type":"SearchAction","target":{"@type":"EntryPoint","urlTemplate":"https:\/\/www.mauro-lucini.it\/pl\/?s={search_term_string}"},"query-input":{"@type":"PropertyValueSpecification","valueRequired":true,"valueName":"search_term_string"}}],"inLanguage":"pl-PL"},{"@type":"Organization","@id":"https:\/\/www.mauro-lucini.it\/pl\/#organization","name":"Mauro Lucini - Liutaio a Cremona","url":"https:\/\/www.mauro-lucini.it\/pl\/","logo":{"@type":"ImageObject","inLanguage":"pl-PL","@id":"https:\/\/www.mauro-lucini.it\/pl\/#\/schema\/logo\/image\/","url":"https:\/\/www.mauro-lucini.it\/wp-content\/uploads\/2024\/09\/Mauro-Lucini-Liutaio-Cremona.png","contentUrl":"https:\/\/www.mauro-lucini.it\/wp-content\/uploads\/2024\/09\/Mauro-Lucini-Liutaio-Cremona.png","width":480,"height":84,"caption":"Mauro Lucini - Liutaio a Cremona"},"image":{"@id":"https:\/\/www.mauro-lucini.it\/pl\/#\/schema\/logo\/image\/"}}]}},"_links":{"self":[{"href":"https:\/\/www.mauro-lucini.it\/pl\/wp-json\/wp\/v2\/pages\/2421","targetHints":{"allow":["GET"]}}],"collection":[{"href":"https:\/\/www.mauro-lucini.it\/pl\/wp-json\/wp\/v2\/pages"}],"about":[{"href":"https:\/\/www.mauro-lucini.it\/pl\/wp-json\/wp\/v2\/types\/page"}],"author":[{"embeddable":true,"href":"https:\/\/www.mauro-lucini.it\/pl\/wp-json\/wp\/v2\/users\/1"}],"replies":[{"embeddable":true,"href":"https:\/\/www.mauro-lucini.it\/pl\/wp-json\/wp\/v2\/comments?post=2421"}],"version-history":[{"count":3,"href":"https:\/\/www.mauro-lucini.it\/pl\/wp-json\/wp\/v2\/pages\/2421\/revisions"}],"predecessor-version":[{"id":3550,"href":"https:\/\/www.mauro-lucini.it\/pl\/wp-json\/wp\/v2\/pages\/2421\/revisions\/3550"}],"wp:attachment":[{"href":"https:\/\/www.mauro-lucini.it\/pl\/wp-json\/wp\/v2\/media?parent=2421"}],"curies":[{"name":"wp","href":"https:\/\/api.w.org\/{rel}","templated":true}]}}