{"id":2336,"date":"2024-09-02T11:55:31","date_gmt":"2024-09-02T11:55:31","guid":{"rendered":"https:\/\/www.mauro-lucini.it\/lutherie"},"modified":"2025-05-23T12:43:57","modified_gmt":"2025-05-23T12:43:57","slug":"lutherie","status":"publish","type":"page","link":"https:\/\/www.mauro-lucini.it\/fr\/lutherie\/","title":{"rendered":"Lutherie"},"content":{"rendered":"\n<div class=\"wp-block-cover alignfull\"><span aria-hidden=\"true\" class=\"wp-block-cover__background has-background-dim\" style=\"background-color:#867c74\"><\/span><img loading=\"lazy\" decoding=\"async\" width=\"2128\" height=\"985\" class=\"wp-block-cover__image-background wp-image-335\" alt=\"\" src=\"https:\/\/www.mauro-lucini.it\/wp-content\/uploads\/2024\/08\/manifattura-violini.jpg\" data-object-fit=\"cover\" srcset=\"https:\/\/www.mauro-lucini.it\/wp-content\/uploads\/2024\/08\/manifattura-violini.jpg 2128w, https:\/\/www.mauro-lucini.it\/wp-content\/uploads\/2024\/08\/manifattura-violini-300x139.jpg 300w, https:\/\/www.mauro-lucini.it\/wp-content\/uploads\/2024\/08\/manifattura-violini-1024x474.jpg 1024w, https:\/\/www.mauro-lucini.it\/wp-content\/uploads\/2024\/08\/manifattura-violini-768x355.jpg 768w, https:\/\/www.mauro-lucini.it\/wp-content\/uploads\/2024\/08\/manifattura-violini-1536x711.jpg 1536w, https:\/\/www.mauro-lucini.it\/wp-content\/uploads\/2024\/08\/manifattura-violini-2048x948.jpg 2048w, https:\/\/www.mauro-lucini.it\/wp-content\/uploads\/2024\/08\/manifattura-violini-600x278.jpg 600w\" sizes=\"auto, (max-width: 2128px) 100vw, 2128px\" \/><div class=\"wp-block-cover__inner-container is-layout-constrained wp-block-cover-is-layout-constrained\">\n<h2 class=\"wp-block-heading has-text-align-center\">Lutherie<\/h2>\n<\/div><\/div>\n\n<h2 class=\"wp-block-heading has-text-align-center\">La lutherie italienne de l&rsquo;Officina Mauro Lucini : la tradition \u00e0 l&rsquo;avant-garde<\/h2>\n\n<p><br\/>Les instruments \u00e0 cordes produits par l&rsquo;Officina Mauro Lucini combinent la connaissance profonde de l&rsquo;art ancien de la lutherie italienne, m\u00fbrie au cours de d\u00e9cennies de pratique, avec le savoir de notre \u00e9poque, enseign\u00e9 dans les meilleures \u00e9coles de lutherie du monde. Le maestro Mauro Lucini et ses apprentis perfectionnent chaque violon, alto et violoncelle avec l&rsquo;amour du d\u00e9tail et la sensibilit\u00e9 aux caract\u00e9ristiques individuelles des bois les plus nobles, afin d&rsquo;obtenir des caract\u00e9ristiques sonores qui r\u00e9pondent aux normes \u00e9lev\u00e9es de leur atelier.<\/p>\n\n<p><\/p>\n\n<figure class=\"wp-block-image size-large\"><img loading=\"lazy\" decoding=\"async\" width=\"1024\" height=\"681\" src=\"https:\/\/www.mauro-lucini.it\/wp-content\/uploads\/2024\/08\/DSC_3858-1024x681.jpg\" alt=\"Lutherie italienne dans l'atelier de Mauro Lucini\" class=\"wp-image-324\" srcset=\"https:\/\/www.mauro-lucini.it\/wp-content\/uploads\/2024\/08\/DSC_3858-1024x681.jpg 1024w, https:\/\/www.mauro-lucini.it\/wp-content\/uploads\/2024\/08\/DSC_3858-300x200.jpg 300w, https:\/\/www.mauro-lucini.it\/wp-content\/uploads\/2024\/08\/DSC_3858-768x511.jpg 768w, https:\/\/www.mauro-lucini.it\/wp-content\/uploads\/2024\/08\/DSC_3858-1536x1022.jpg 1536w, https:\/\/www.mauro-lucini.it\/wp-content\/uploads\/2024\/08\/DSC_3858-2048x1363.jpg 2048w, https:\/\/www.mauro-lucini.it\/wp-content\/uploads\/2024\/08\/DSC_3858-600x399.jpg 600w\" sizes=\"auto, (max-width: 1024px) 100vw, 1024px\" \/><\/figure>\n\n<p><br\/>Lorsque le travail de la nature s&rsquo;allie \u00e0 l&rsquo;habilet\u00e9 de la main pour cr\u00e9er une \u0153uvre particuli\u00e8rement prometteuse, ils cr\u00e9ent des chefs-d&rsquo;\u0153uvre qui r\u00e9pondent aux normes professionnelles les plus \u00e9lev\u00e9es et \u00e9tablissent de nouvelles r\u00e9f\u00e9rences dans le domaine de la lutherie italienne contemporaine.<br\/><\/p>\n\n<p>Ces prestations de haut niveau sont accompagn\u00e9es de personnalit\u00e9s musicales plus simples et de petite taille, qui permettent aux musiciens enthousiastes et aux jeunes talents d&rsquo;acqu\u00e9rir un instrument \u00e0 cordes dot\u00e9 d&rsquo;une belle sonorit\u00e9 typiquement italienne.<\/p>\n\n<p><\/p>\n\n<p>La recette secr\u00e8te de la peinture de l&rsquo;atelier et les processus \u00e9labor\u00e9s et \u00e9prouv\u00e9s, en particulier pour la peinture, qui sont appliqu\u00e9s \u00e0 tous les outils de l&rsquo;atelier et font l&rsquo;objet d&rsquo;un d\u00e9veloppement constant, jouent un r\u00f4le essentiel.<\/p>\n\n<p><\/p>\n","protected":false},"excerpt":{"rendered":"<p>La lutherie italienne de l&rsquo;Officina Mauro Lucini : la tradition \u00e0 l&rsquo;avant-garde Les instruments \u00e0 cordes produits par l&rsquo;Officina Mauro Lucini combinent la connaissance profonde de l&rsquo;art ancien de la lutherie italienne, m\u00fbrie au cours de d\u00e9cennies de pratique, avec le savoir de notre \u00e9poque, enseign\u00e9 dans les meilleures \u00e9coles de lutherie du monde. Le [&hellip;]<\/p>\n","protected":false},"author":1,"featured_media":0,"parent":0,"menu_order":22,"comment_status":"closed","ping_status":"closed","template":"","meta":{"_coblocks_attr":"","_coblocks_dimensions":"","_coblocks_responsive_height":"","_coblocks_accordion_ie_support":"","hide_page_title":"","footnotes":""},"class_list":["post-2336","page","type-page","status-publish","hentry"],"yoast_head":"<!-- This site is optimized with the Yoast SEO plugin v27.4 - https:\/\/yoast.com\/product\/yoast-seo-wordpress\/ -->\n<title>Fabrication de violons cr\u00e9monais dans l&#039;atelier de Mauro Lucini<\/title>\n<meta name=\"description\" content=\"La lutherie cr\u00e9monaise pour notre temps : Officina Mauro Lucini associe l&#039;artisanat italien \u00e0 la connaissance contemporaine du meilleur son.\" \/>\n<meta name=\"robots\" content=\"index, follow, max-snippet:-1, max-image-preview:large, max-video-preview:-1\" \/>\n<link rel=\"canonical\" href=\"https:\/\/www.mauro-lucini.it\/fr\/lutherie\/\" \/>\n<meta property=\"og:locale\" content=\"fr_FR\" \/>\n<meta property=\"og:type\" content=\"article\" \/>\n<meta property=\"og:title\" content=\"Fabrication de violons cr\u00e9monais dans l&#039;atelier de Mauro Lucini\" \/>\n<meta property=\"og:description\" content=\"La lutherie cr\u00e9monaise pour notre temps : Officina Mauro Lucini associe l&#039;artisanat italien \u00e0 la connaissance contemporaine du meilleur son.\" \/>\n<meta property=\"og:url\" content=\"https:\/\/www.mauro-lucini.it\/fr\/lutherie\/\" \/>\n<meta property=\"og:site_name\" content=\"Mauro Lucini - Liutaio a Cremona\" \/>\n<meta property=\"article:modified_time\" content=\"2025-05-23T12:43:57+00:00\" \/>\n<meta property=\"og:image\" content=\"https:\/\/www.mauro-lucini.it\/wp-content\/uploads\/2024\/08\/manifattura-violini.jpg\" \/>\n\t<meta property=\"og:image:width\" content=\"2128\" \/>\n\t<meta property=\"og:image:height\" content=\"985\" \/>\n\t<meta property=\"og:image:type\" content=\"image\/jpeg\" \/>\n<meta name=\"twitter:card\" content=\"summary_large_image\" \/>\n<!-- \/ Yoast SEO plugin. -->","yoast_head_json":{"title":"Fabrication de violons cr\u00e9monais dans l'atelier de Mauro Lucini","description":"La lutherie cr\u00e9monaise pour notre temps : Officina Mauro Lucini associe l'artisanat italien \u00e0 la connaissance contemporaine du meilleur son.","robots":{"index":"index","follow":"follow","max-snippet":"max-snippet:-1","max-image-preview":"max-image-preview:large","max-video-preview":"max-video-preview:-1"},"canonical":"https:\/\/www.mauro-lucini.it\/fr\/lutherie\/","og_locale":"fr_FR","og_type":"article","og_title":"Fabrication de violons cr\u00e9monais dans l'atelier de Mauro Lucini","og_description":"La lutherie cr\u00e9monaise pour notre temps : Officina Mauro Lucini associe l'artisanat italien \u00e0 la connaissance contemporaine du meilleur son.","og_url":"https:\/\/www.mauro-lucini.it\/fr\/lutherie\/","og_site_name":"Mauro Lucini - Liutaio a Cremona","article_modified_time":"2025-05-23T12:43:57+00:00","og_image":[{"width":2128,"height":985,"url":"https:\/\/www.mauro-lucini.it\/wp-content\/uploads\/2024\/08\/manifattura-violini.jpg","type":"image\/jpeg"}],"twitter_card":"summary_large_image","schema":{"@context":"https:\/\/schema.org","@graph":[{"@type":"WebPage","@id":"https:\/\/www.mauro-lucini.it\/fr\/lutherie\/","url":"https:\/\/www.mauro-lucini.it\/fr\/lutherie\/","name":"Fabrication de violons cr\u00e9monais dans l'atelier de Mauro Lucini","isPartOf":{"@id":"https:\/\/www.mauro-lucini.it\/fr\/#website"},"primaryImageOfPage":{"@id":"https:\/\/www.mauro-lucini.it\/fr\/lutherie\/#primaryimage"},"image":{"@id":"https:\/\/www.mauro-lucini.it\/fr\/lutherie\/#primaryimage"},"thumbnailUrl":"https:\/\/www.mauro-lucini.it\/wp-content\/uploads\/2024\/08\/manifattura-violini.jpg","datePublished":"2024-09-02T11:55:31+00:00","dateModified":"2025-05-23T12:43:57+00:00","description":"La lutherie cr\u00e9monaise pour notre temps : Officina Mauro Lucini associe l'artisanat italien \u00e0 la connaissance contemporaine du meilleur son.","breadcrumb":{"@id":"https:\/\/www.mauro-lucini.it\/fr\/lutherie\/#breadcrumb"},"inLanguage":"fr-FR","potentialAction":[{"@type":"ReadAction","target":["https:\/\/www.mauro-lucini.it\/fr\/lutherie\/"]}]},{"@type":"ImageObject","inLanguage":"fr-FR","@id":"https:\/\/www.mauro-lucini.it\/fr\/lutherie\/#primaryimage","url":"https:\/\/www.mauro-lucini.it\/wp-content\/uploads\/2024\/08\/manifattura-violini.jpg","contentUrl":"https:\/\/www.mauro-lucini.it\/wp-content\/uploads\/2024\/08\/manifattura-violini.jpg"},{"@type":"BreadcrumbList","@id":"https:\/\/www.mauro-lucini.it\/fr\/lutherie\/#breadcrumb","itemListElement":[{"@type":"ListItem","position":1,"name":"Home","item":"https:\/\/www.mauro-lucini.it\/fr\/"},{"@type":"ListItem","position":2,"name":"Lutherie"}]},{"@type":"WebSite","@id":"https:\/\/www.mauro-lucini.it\/fr\/#website","url":"https:\/\/www.mauro-lucini.it\/fr\/","name":"Mauro Lucini - Liutaio a Cremona","description":"Mauro Lucini liutaio a Cremona - 40 anni di passione ed esperienza","publisher":{"@id":"https:\/\/www.mauro-lucini.it\/fr\/#organization"},"potentialAction":[{"@type":"SearchAction","target":{"@type":"EntryPoint","urlTemplate":"https:\/\/www.mauro-lucini.it\/fr\/?s={search_term_string}"},"query-input":{"@type":"PropertyValueSpecification","valueRequired":true,"valueName":"search_term_string"}}],"inLanguage":"fr-FR"},{"@type":"Organization","@id":"https:\/\/www.mauro-lucini.it\/fr\/#organization","name":"Mauro Lucini - Liutaio a Cremona","url":"https:\/\/www.mauro-lucini.it\/fr\/","logo":{"@type":"ImageObject","inLanguage":"fr-FR","@id":"https:\/\/www.mauro-lucini.it\/fr\/#\/schema\/logo\/image\/","url":"https:\/\/www.mauro-lucini.it\/wp-content\/uploads\/2024\/09\/Mauro-Lucini-Liutaio-Cremona.png","contentUrl":"https:\/\/www.mauro-lucini.it\/wp-content\/uploads\/2024\/09\/Mauro-Lucini-Liutaio-Cremona.png","width":480,"height":84,"caption":"Mauro Lucini - Liutaio a Cremona"},"image":{"@id":"https:\/\/www.mauro-lucini.it\/fr\/#\/schema\/logo\/image\/"}}]}},"_links":{"self":[{"href":"https:\/\/www.mauro-lucini.it\/fr\/wp-json\/wp\/v2\/pages\/2336","targetHints":{"allow":["GET"]}}],"collection":[{"href":"https:\/\/www.mauro-lucini.it\/fr\/wp-json\/wp\/v2\/pages"}],"about":[{"href":"https:\/\/www.mauro-lucini.it\/fr\/wp-json\/wp\/v2\/types\/page"}],"author":[{"embeddable":true,"href":"https:\/\/www.mauro-lucini.it\/fr\/wp-json\/wp\/v2\/users\/1"}],"replies":[{"embeddable":true,"href":"https:\/\/www.mauro-lucini.it\/fr\/wp-json\/wp\/v2\/comments?post=2336"}],"version-history":[{"count":2,"href":"https:\/\/www.mauro-lucini.it\/fr\/wp-json\/wp\/v2\/pages\/2336\/revisions"}],"predecessor-version":[{"id":2516,"href":"https:\/\/www.mauro-lucini.it\/fr\/wp-json\/wp\/v2\/pages\/2336\/revisions\/2516"}],"wp:attachment":[{"href":"https:\/\/www.mauro-lucini.it\/fr\/wp-json\/wp\/v2\/media?parent=2336"}],"curies":[{"name":"wp","href":"https:\/\/api.w.org\/{rel}","templated":true}]}}