{"id":2437,"date":"2023-05-28T17:32:28","date_gmt":"2023-05-28T17:32:28","guid":{"rendered":"https:\/\/www.mauro-lucini.it\/taller-de-mauro-lucini-fabricante-de-violines-en-cremona"},"modified":"2025-09-05T20:09:58","modified_gmt":"2025-09-05T20:09:58","slug":"taller-de-mauro-lucini-fabricante-de-violines-en-cremona","status":"publish","type":"page","link":"https:\/\/www.mauro-lucini.it\/es\/","title":{"rendered":"Taller de Mauro Lucini &#8211; Fabricante de violines en Cremona"},"content":{"rendered":"\n<div class=\"wp-block-cover alignfull mb-0 mt-0\" style=\"min-height:2131px;aspect-ratio:unset;\"><img loading=\"lazy\" decoding=\"async\" width=\"2560\" height=\"1703\" class=\"wp-block-cover__image-background wp-image-370\" alt=\"\" src=\"https:\/\/www.mauro-lucini.it\/wp-content\/uploads\/2023\/05\/crop-0-0-2560-1703-0-DSC_3681x-scaled.jpg\" data-object-fit=\"cover\" srcset=\"https:\/\/www.mauro-lucini.it\/wp-content\/uploads\/2023\/05\/crop-0-0-2560-1703-0-DSC_3681x-scaled.jpg 2560w, https:\/\/www.mauro-lucini.it\/wp-content\/uploads\/2023\/05\/crop-0-0-2560-1703-0-DSC_3681x-scaled-300x200.jpg 300w, https:\/\/www.mauro-lucini.it\/wp-content\/uploads\/2023\/05\/crop-0-0-2560-1703-0-DSC_3681x-scaled-1024x681.jpg 1024w, https:\/\/www.mauro-lucini.it\/wp-content\/uploads\/2023\/05\/crop-0-0-2560-1703-0-DSC_3681x-scaled-768x511.jpg 768w, https:\/\/www.mauro-lucini.it\/wp-content\/uploads\/2023\/05\/crop-0-0-2560-1703-0-DSC_3681x-scaled-1536x1022.jpg 1536w, https:\/\/www.mauro-lucini.it\/wp-content\/uploads\/2023\/05\/crop-0-0-2560-1703-0-DSC_3681x-scaled-2048x1362.jpg 2048w, https:\/\/www.mauro-lucini.it\/wp-content\/uploads\/2023\/05\/crop-0-0-2560-1703-0-DSC_3681x-scaled-600x399.jpg 600w\" sizes=\"auto, (max-width: 2560px) 100vw, 2560px\" \/><span aria-hidden=\"true\" class=\"wp-block-cover__background has-tertiary-background-color has-background-dim\"><\/span><div class=\"wp-block-cover__inner-container is-layout-flow wp-block-cover-is-layout-flow\">\n<h2 class=\"wp-block-heading has-text-align-center has-secondary-color has-text-color\">El arte de los fabricantes de violines cremonenses en sus manos.  <\/h2>\n\n\n\n<p class=\"has-secondary-color has-text-color\">\u00abLa m\u00fasica encanta a las almas, pero las creaciones de los fabricantes de violines de Cremona las hacen inmortales\u00bb. Ven a descubrir Cremona, la ciudad de las maravillas del viol\u00edn, en el hist\u00f3rico taller de Mauro Lucini, en la plaza de San Miguel. En el taller del luthier cremon\u00e9s Mauro Lucini, en Cremona, Piazza San Michele 7, la artesan\u00eda y la pasi\u00f3n se unen para crear obras de arte sonoro. Siente c\u00f3mo vibra la madera, bailan las cuerdas y se mueve el sonido. \u00c9sta es la magia de los fabricantes de violines de Cremona, dispuestos a compartir contigo la herencia musical de siglos. Ven al taller del luthier Mauro Lucini y d\u00e9jate hechizar por la belleza de los violines que han conquistado el mundo.  <\/p>\n\n\n\n<p><\/p>\n\n\n\n<figure class=\"wp-block-image alignfull size-large is-style-default\"><img loading=\"lazy\" decoding=\"async\" width=\"681\" height=\"1024\" src=\"https:\/\/www.mauro-lucini.it\/wp-content\/uploads\/2023\/06\/liutaio-mauro-lucini-681x1024.jpg\" alt=\"Luthier Mauro Lucini\" class=\"wp-image-231\" srcset=\"https:\/\/www.mauro-lucini.it\/wp-content\/uploads\/2023\/06\/liutaio-mauro-lucini-681x1024.jpg 681w, https:\/\/www.mauro-lucini.it\/wp-content\/uploads\/2023\/06\/liutaio-mauro-lucini-200x300.jpg 200w, https:\/\/www.mauro-lucini.it\/wp-content\/uploads\/2023\/06\/liutaio-mauro-lucini-768x1154.jpg 768w, https:\/\/www.mauro-lucini.it\/wp-content\/uploads\/2023\/06\/liutaio-mauro-lucini-1022x1536.jpg 1022w, https:\/\/www.mauro-lucini.it\/wp-content\/uploads\/2023\/06\/liutaio-mauro-lucini-1363x2048.jpg 1363w, https:\/\/www.mauro-lucini.it\/wp-content\/uploads\/2023\/06\/liutaio-mauro-lucini-600x902.jpg 600w, https:\/\/www.mauro-lucini.it\/wp-content\/uploads\/2023\/06\/liutaio-mauro-lucini-scaled.jpg 1703w\" sizes=\"auto, (max-width: 681px) 100vw, 681px\" \/><\/figure>\n\n\n\n<h2 class=\"wp-block-heading has-text-align-center has-secondary-color has-text-color\">Herramientas que combinan experiencia y artesan\u00eda<\/h2>\n\n\n\n<p class=\"has-secondary-color has-text-color\">Mauro Lucini, luthier de Cremona con m\u00e1s de 40 a\u00f1os de experiencia, y sus colegas han creado instrumentos que combinan artesan\u00eda y pasi\u00f3n. Tras una larga e ilustre carrera, se jubil\u00f3 recientemente y confi\u00f3 su valioso legado al cuidado de sus estimados colegas. A pesar de su jubilaci\u00f3n, el luthier Mauro Lucini sigue supervisando regularmente el trabajo de los luthiers en su querido taller, manteniendo la tradici\u00f3n y garantizando la impecable calidad de las creaciones. Su presencia y orientaci\u00f3n constantes garantizan que su visi\u00f3n art\u00edstica y su inestimable saber hacer pervivan en las obras de arte que salen de su taller, para placer e inspiraci\u00f3n de m\u00fasicos de todo el mundo.<\/p>\n\n\n\n<p><\/p>\n\n\n\n<h2 class=\"wp-block-heading has-text-align-center has-secondary-color has-text-color\">Excelencia en sonido y belleza<\/h2>\n\n\n\n<p class=\"has-secondary-color has-text-color\">En su hist\u00f3rico taller de fabricaci\u00f3n de violines, el luthier Mauro Lucini y sus colegas construyen instrumentos de excepcional calidad sonora y belleza. Sus creaciones incluyen tanto violines sencillos, que se terminan y barnizan en su taller, como violines maestros, que son el resultado de una meticulosa artesan\u00eda y, gracias a sus muchos a\u00f1os de experiencia, se perfeccionan constantemente para conseguir una calidad de sonido excepcional. Mauro Lucini tambi\u00e9n invierte cientos de horas de paciente trabajo artesanal en la construcci\u00f3n de sus prestigiosos instrumentos de concierto. Cada detalle se trabaja con extrema precisi\u00f3n para crear aut\u00e9nticas obras maestras que expresan el alma y la artesan\u00eda del luthier.<\/p>\n<\/div><\/div>\n\n<div class=\"wp-block-columns alignwide is-layout-flex wp-container-core-columns-is-layout-9d6595d7 wp-block-columns-is-layout-flex\">\n<div class=\"wp-block-column is-layout-flow wp-block-column-is-layout-flow\" style=\"flex-basis:66.66%\">\n<h2 class=\"wp-block-heading\">Fabricante de violines en Cremona: d\u00e9cadas de experiencia en artesan\u00eda art\u00edstica<\/h2>\n\n\n\n<p>Descubre la excelencia de los violines cremonenses con Mauro Lucini, fabricante de violines de renombre internacional, y sus compa\u00f1eros luthiers de Corilon violins srl. En su hist\u00f3rico taller de Piazza San Michele, el luthier Mauro Lucini y sus colegas fabrican y perfeccionan violines que encantan a mel\u00f3manos de todo el mundo. Con una artesan\u00eda transmitida de generaci\u00f3n en generaci\u00f3n, Officina Mauro Lucini combina antiguas habilidades artesanales con t\u00e9cnicas innovadoras para crear instrumentos accesibles de belleza y sonido \u00fanicos. Cada detalle se ejecuta con extrema precisi\u00f3n, desde la selecci\u00f3n de las maderas m\u00e1s finas hasta los delicados toques finales que confieren a sus creaciones un aura de elegancia atemporal. Apreciados por violinistas, virtuosos y coleccionistas de todo el mundo, los violines de Officina Mauro Lucini son aut\u00e9nticas obras de arte sonoro. Visita su fascinante taller de fabricaci\u00f3n de violines en Cremona. Mauro Lucini y sus colegas estar\u00e1n encantados de compartir contigo su pasi\u00f3n por la m\u00fasica y ofrecerte una experiencia inolvidable en el coraz\u00f3n de la tradici\u00f3n cremonesa de fabricaci\u00f3n de violines.<\/p>\n\n\n\n<figure class=\"wp-block-image\"><img loading=\"lazy\" decoding=\"async\" width=\"1024\" height=\"763\" src=\"https:\/\/www.mauro-lucini.it\/wp-content\/uploads\/2023\/05\/piazza-san-michele-cremona-1024x763.jpg\" alt=\"\" class=\"wp-image-50\" srcset=\"https:\/\/www.mauro-lucini.it\/wp-content\/uploads\/2023\/05\/piazza-san-michele-cremona-1024x763.jpg 1024w, https:\/\/www.mauro-lucini.it\/wp-content\/uploads\/2023\/05\/piazza-san-michele-cremona-scaled-600x447.jpg 600w, https:\/\/www.mauro-lucini.it\/wp-content\/uploads\/2023\/05\/piazza-san-michele-cremona-300x224.jpg 300w, https:\/\/www.mauro-lucini.it\/wp-content\/uploads\/2023\/05\/piazza-san-michele-cremona-768x572.jpg 768w, https:\/\/www.mauro-lucini.it\/wp-content\/uploads\/2023\/05\/piazza-san-michele-cremona-1536x1145.jpg 1536w, https:\/\/www.mauro-lucini.it\/wp-content\/uploads\/2023\/05\/piazza-san-michele-cremona-2048x1526.jpg 2048w\" sizes=\"auto, (max-width: 1024px) 100vw, 1024px\" \/><\/figure>\n<\/div>\n\n\n\n<div class=\"wp-block-column is-layout-flow wp-block-column-is-layout-flow\" style=\"flex-basis:33.33%\">\n<p><strong>Fabricante de violines en Cremona<\/strong><\/p>\n\n\n\n<p>Taller Mauro Lucini<\/p>\n\n\n\n<p>Plaza de San Miguel, 7<\/p>\n\n\n\n<p>26100 Cremona (CR)<\/p>\n\n\n\n<p><br\/>mauro@mauro-lucini.it t. 327 8445119<\/p>\n<\/div>\n<\/div>\n\n<h2 class=\"wp-block-heading has-text-align-center\"><\/h2>\n<div data-align-buttons=\"true\" data-block-name=\"woocommerce\/product-new\" data-content-visibility=\"{&quot;image&quot;:true,&quot;title&quot;:true,&quot;price&quot;:true,&quot;rating&quot;:false,&quot;button&quot;:false}\" data-stock-status=\"[&quot;&quot;,&quot;&quot;,&quot;&quot;,&quot;instock&quot;,&quot;onbackorder&quot;,&quot;outofstock&quot;]\" class=\"wc-block-grid wp-block-product-new wp-block-woocommerce-product-new wc-block-product-new has-3-columns has-multiple-rows alignwide has-aligned-buttons\"><ul class=\"wc-block-grid__products\"><li class=\"wc-block-grid__product\">\n\t\t\t\t<a href=\"https:\/\/www.mauro-lucini.it\/es\/negozio-di-violini\/violines-cremona\/violin-de-cremona-segun-antonio-stradivari-officina-mauro-lucini-no-72\/\" class=\"wc-block-grid__product-link\">\n\t\t\t\t\t\n\t\t\t\t\t<div class=\"wc-block-grid__product-image\"><img loading=\"lazy\" decoding=\"async\" width=\"300\" height=\"300\" src=\"https:\/\/www.mauro-lucini.it\/wp-content\/uploads\/2025\/05\/mauro-lucini-creona-n72-1-300x300.jpg\" class=\"attachment-woocommerce_thumbnail size-woocommerce_thumbnail\" alt=\"Viol\u00edn de Cremona seg\u00fan Antonio Stradivari, Officina Mauro Lucini n\u00ba 72\" srcset=\"https:\/\/www.mauro-lucini.it\/wp-content\/uploads\/2025\/05\/mauro-lucini-creona-n72-1-300x300.jpg 300w, https:\/\/www.mauro-lucini.it\/wp-content\/uploads\/2025\/05\/mauro-lucini-creona-n72-1-150x150.jpg 150w, https:\/\/www.mauro-lucini.it\/wp-content\/uploads\/2025\/05\/mauro-lucini-creona-n72-1-100x100.jpg 100w\" sizes=\"auto, (max-width: 300px) 100vw, 300px\" \/><\/div>\n\t\t\t\t\t<div class=\"wc-block-grid__product-title\">Viol\u00edn de Cremona seg\u00fan Antonio Stradivari, Officina Mauro Lucini n\u00ba 72<\/div>\n\t\t\t\t<\/a>\n\t\t\t\t<div class=\"wc-block-grid__product-price price\"><span class=\"woocommerce-Price-amount amount\">4.990&nbsp;<span class=\"woocommerce-Price-currencySymbol\">&euro;<\/span><\/span><\/div>\n\t\t\t\t\n\t\t\t\t\n\t\t\t<\/li><li class=\"wc-block-grid__product\">\n\t\t\t\t<a href=\"https:\/\/www.mauro-lucini.it\/es\/negozio-di-violini\/violines-cremona\/violin-de-cremona-n-o-69-officina-mauro-lucini-cremona-2024-certificado\/\" class=\"wc-block-grid__product-link\">\n\t\t\t\t\t\n\t\t\t\t\t<div class=\"wc-block-grid__product-image\"><img loading=\"lazy\" decoding=\"async\" width=\"300\" height=\"300\" src=\"https:\/\/www.mauro-lucini.it\/wp-content\/uploads\/2025\/05\/mauro-lucini-no69-1-300x300.jpg\" class=\"attachment-woocommerce_thumbnail size-woocommerce_thumbnail\" alt=\"Viol\u00edn de Cremona n.\u00ba 69 Officina Mauro Lucini, Cremona 2024 (certificado)\" srcset=\"https:\/\/www.mauro-lucini.it\/wp-content\/uploads\/2025\/05\/mauro-lucini-no69-1-300x300.jpg 300w, https:\/\/www.mauro-lucini.it\/wp-content\/uploads\/2025\/05\/mauro-lucini-no69-1-150x150.jpg 150w, https:\/\/www.mauro-lucini.it\/wp-content\/uploads\/2025\/05\/mauro-lucini-no69-1-100x100.jpg 100w\" sizes=\"auto, (max-width: 300px) 100vw, 300px\" \/><\/div>\n\t\t\t\t\t<div class=\"wc-block-grid__product-title\">Viol\u00edn de Cremona n.\u00ba 69 Officina Mauro Lucini, Cremona 2024 (certificado)<\/div>\n\t\t\t\t<\/a>\n\t\t\t\t<div class=\"wc-block-grid__product-price price\"><span class=\"woocommerce-Price-amount amount\">4.990&nbsp;<span class=\"woocommerce-Price-currencySymbol\">&euro;<\/span><\/span><\/div>\n\t\t\t\t\n\t\t\t\t\n\t\t\t<\/li><li class=\"wc-block-grid__product\">\n\t\t\t\t<a href=\"https:\/\/www.mauro-lucini.it\/es\/negozio-di-violini\/violines-cremona\/violin-no-36-officina-mauro-lucini-cremona-2024\/\" class=\"wc-block-grid__product-link\">\n\t\t\t\t\t\n\t\t\t\t\t<div class=\"wc-block-grid__product-image\"><img loading=\"lazy\" decoding=\"async\" width=\"300\" height=\"300\" src=\"https:\/\/www.mauro-lucini.it\/wp-content\/uploads\/2025\/01\/mauro-lucini-guarneri-7602-1-300x300.jpg\" class=\"attachment-woocommerce_thumbnail size-woocommerce_thumbnail\" alt=\"Viol\u00edn n.\u00ba 36 Officina Mauro Lucini, Cremona 2024 - VENDIDO\" srcset=\"https:\/\/www.mauro-lucini.it\/wp-content\/uploads\/2025\/01\/mauro-lucini-guarneri-7602-1-300x300.jpg 300w, https:\/\/www.mauro-lucini.it\/wp-content\/uploads\/2025\/01\/mauro-lucini-guarneri-7602-1-150x150.jpg 150w, https:\/\/www.mauro-lucini.it\/wp-content\/uploads\/2025\/01\/mauro-lucini-guarneri-7602-1-100x100.jpg 100w\" sizes=\"auto, (max-width: 300px) 100vw, 300px\" \/><\/div>\n\t\t\t\t\t<div class=\"wc-block-grid__product-title\">Viol\u00edn n.\u00ba 36 Officina Mauro Lucini, Cremona 2024 &#8211; VENDIDO<\/div>\n\t\t\t\t<\/a>\n\t\t\t\t<div class=\"wc-block-grid__product-price price\"><span class=\"woocommerce-Price-amount amount\">5.990&nbsp;<span class=\"woocommerce-Price-currencySymbol\">&euro;<\/span><\/span><\/div>\n\t\t\t\t\n\t\t\t\t\n\t\t\t<\/li><li class=\"wc-block-grid__product\">\n\t\t\t\t<a href=\"https:\/\/www.mauro-lucini.it\/es\/negozio-di-violini\/violines-cremona\/violin-no-30-officina-mauro-lucini-cremona-2024\/\" class=\"wc-block-grid__product-link\">\n\t\t\t\t\t\n\t\t\t\t\t<div class=\"wc-block-grid__product-image\"><img loading=\"lazy\" decoding=\"async\" width=\"300\" height=\"300\" src=\"https:\/\/www.mauro-lucini.it\/wp-content\/uploads\/2025\/01\/mauro-lucini-stradivari-7601-1_1890x1890-300x300.jpg\" class=\"attachment-woocommerce_thumbnail size-woocommerce_thumbnail\" alt=\"Viol\u00edn n.\u00ba 30 Officina Mauro Lucini, Cremona 2024 - VENDIDO\" srcset=\"https:\/\/www.mauro-lucini.it\/wp-content\/uploads\/2025\/01\/mauro-lucini-stradivari-7601-1_1890x1890-300x300.jpg 300w, https:\/\/www.mauro-lucini.it\/wp-content\/uploads\/2025\/01\/mauro-lucini-stradivari-7601-1_1890x1890-150x150.jpg 150w, https:\/\/www.mauro-lucini.it\/wp-content\/uploads\/2025\/01\/mauro-lucini-stradivari-7601-1_1890x1890-100x100.jpg 100w\" sizes=\"auto, (max-width: 300px) 100vw, 300px\" \/><\/div>\n\t\t\t\t\t<div class=\"wc-block-grid__product-title\">Viol\u00edn n.\u00ba 30 Officina Mauro Lucini, Cremona 2024 &#8211; VENDIDO<\/div>\n\t\t\t\t<\/a>\n\t\t\t\t<div class=\"wc-block-grid__product-price price\"><span class=\"woocommerce-Price-amount amount\">5.990&nbsp;<span class=\"woocommerce-Price-currencySymbol\">&euro;<\/span><\/span><\/div>\n\t\t\t\t\n\t\t\t\t\n\t\t\t<\/li><li class=\"wc-block-grid__product\">\n\t\t\t\t<a href=\"https:\/\/www.mauro-lucini.it\/es\/negozio-di-violini\/violines-cremona\/mauro-lucini-cremona-2024-violin-no-42\/\" class=\"wc-block-grid__product-link\">\n\t\t\t\t\t\n\t\t\t\t\t<div class=\"wc-block-grid__product-image\"><img loading=\"lazy\" decoding=\"async\" width=\"300\" height=\"300\" src=\"https:\/\/www.mauro-lucini.it\/wp-content\/uploads\/2024\/12\/mauro-lucini-no42-1_1890x1890-1-300x300.jpg\" class=\"attachment-woocommerce_thumbnail size-woocommerce_thumbnail\" alt=\"Viol\u00edn n.\u00ba 42 Officina Mauro Lucini, Cremona 2024 - VENDIDO\" srcset=\"https:\/\/www.mauro-lucini.it\/wp-content\/uploads\/2024\/12\/mauro-lucini-no42-1_1890x1890-1-300x300.jpg 300w, https:\/\/www.mauro-lucini.it\/wp-content\/uploads\/2024\/12\/mauro-lucini-no42-1_1890x1890-1-150x150.jpg 150w, https:\/\/www.mauro-lucini.it\/wp-content\/uploads\/2024\/12\/mauro-lucini-no42-1_1890x1890-1-100x100.jpg 100w\" sizes=\"auto, (max-width: 300px) 100vw, 300px\" \/><\/div>\n\t\t\t\t\t<div class=\"wc-block-grid__product-title\">Viol\u00edn n.\u00ba 42 Officina Mauro Lucini, Cremona 2024 &#8211; VENDIDO<\/div>\n\t\t\t\t<\/a>\n\t\t\t\t<div class=\"wc-block-grid__product-price price\"><span class=\"woocommerce-Price-amount amount\">4.990&nbsp;<span class=\"woocommerce-Price-currencySymbol\">&euro;<\/span><\/span><\/div>\n\t\t\t\t\n\t\t\t\t\n\t\t\t<\/li><li class=\"wc-block-grid__product\">\n\t\t\t\t<a href=\"https:\/\/www.mauro-lucini.it\/es\/negozio-di-violini\/violas-cremona\/cremona-viola-395-cm-officina-mauro-lucini-2024\/\" class=\"wc-block-grid__product-link\">\n\t\t\t\t\t\n\t\t\t\t\t<div class=\"wc-block-grid__product-image\"><img loading=\"lazy\" decoding=\"async\" width=\"300\" height=\"300\" src=\"https:\/\/www.mauro-lucini.it\/wp-content\/uploads\/2024\/12\/mauro-lucini-viola-no26-300x300.jpg\" class=\"attachment-woocommerce_thumbnail size-woocommerce_thumbnail\" alt=\"Viola 39,5 cm, Officina Mauro Lucini, Cremona, 2024 - VENDIDA\" srcset=\"https:\/\/www.mauro-lucini.it\/wp-content\/uploads\/2024\/12\/mauro-lucini-viola-no26-300x300.jpg 300w, https:\/\/www.mauro-lucini.it\/wp-content\/uploads\/2024\/12\/mauro-lucini-viola-no26-150x150.jpg 150w, https:\/\/www.mauro-lucini.it\/wp-content\/uploads\/2024\/12\/mauro-lucini-viola-no26-100x100.jpg 100w\" sizes=\"auto, (max-width: 300px) 100vw, 300px\" \/><\/div>\n\t\t\t\t\t<div class=\"wc-block-grid__product-title\">Viola 39,5 cm, Officina Mauro Lucini, Cremona, 2024 &#8211; VENDIDA<\/div>\n\t\t\t\t<\/a>\n\t\t\t\t<div class=\"wc-block-grid__product-price price\"><span class=\"woocommerce-Price-amount amount\">4.380&nbsp;<span class=\"woocommerce-Price-currencySymbol\">&euro;<\/span><\/span><\/div>\n\t\t\t\t\n\t\t\t\t\n\t\t\t<\/li><li class=\"wc-block-grid__product\">\n\t\t\t\t<a href=\"https:\/\/www.mauro-lucini.it\/es\/negozio-di-violini\/violines-cremona\/violin-num-24-officina-mauro-lucini-cremona-2024\/\" class=\"wc-block-grid__product-link\">\n\t\t\t\t\t\n\t\t\t\t\t<div class=\"wc-block-grid__product-image\"><img loading=\"lazy\" decoding=\"async\" width=\"300\" height=\"300\" src=\"https:\/\/www.mauro-lucini.it\/wp-content\/uploads\/2024\/08\/mauro-lucini-cremona-ml24-2-300x300.jpg\" class=\"attachment-woocommerce_thumbnail size-woocommerce_thumbnail\" alt=\"Viol\u00edn n\u00fam. 24 Officina Mauro Lucini, Cremona 2024 - VENDIDO\" srcset=\"https:\/\/www.mauro-lucini.it\/wp-content\/uploads\/2024\/08\/mauro-lucini-cremona-ml24-2-300x300.jpg 300w, https:\/\/www.mauro-lucini.it\/wp-content\/uploads\/2024\/08\/mauro-lucini-cremona-ml24-2-150x150.jpg 150w, https:\/\/www.mauro-lucini.it\/wp-content\/uploads\/2024\/08\/mauro-lucini-cremona-ml24-2-100x100.jpg 100w\" sizes=\"auto, (max-width: 300px) 100vw, 300px\" \/><\/div>\n\t\t\t\t\t<div class=\"wc-block-grid__product-title\">Viol\u00edn n\u00fam. 24 Officina Mauro Lucini, Cremona 2024 &#8211; VENDIDO<\/div>\n\t\t\t\t<\/a>\n\t\t\t\t<div class=\"wc-block-grid__product-price price\"><span class=\"woocommerce-Price-amount amount\">4.490&nbsp;<span class=\"woocommerce-Price-currencySymbol\">&euro;<\/span><\/span><\/div>\n\t\t\t\t\n\t\t\t\t\n\t\t\t<\/li><li class=\"wc-block-grid__product\">\n\t\t\t\t<a href=\"https:\/\/www.mauro-lucini.it\/es\/negozio-di-violini\/violines-cremona\/violin-officina-mauro-lucini-no-23-cremona-2024\/\" class=\"wc-block-grid__product-link\">\n\t\t\t\t\t\n\t\t\t\t\t<div class=\"wc-block-grid__product-image\"><img loading=\"lazy\" decoding=\"async\" width=\"300\" height=\"300\" src=\"https:\/\/www.mauro-lucini.it\/wp-content\/uploads\/2024\/08\/mauro-lucini-no23-2-300x300.jpg\" class=\"attachment-woocommerce_thumbnail size-woocommerce_thumbnail\" alt=\"Viol\u00edn Officina Mauro Lucini n\u00ba 23, Cremona 2024 - VENDIDO\" srcset=\"https:\/\/www.mauro-lucini.it\/wp-content\/uploads\/2024\/08\/mauro-lucini-no23-2-300x300.jpg 300w, https:\/\/www.mauro-lucini.it\/wp-content\/uploads\/2024\/08\/mauro-lucini-no23-2-150x150.jpg 150w, https:\/\/www.mauro-lucini.it\/wp-content\/uploads\/2024\/08\/mauro-lucini-no23-2-100x100.jpg 100w\" sizes=\"auto, (max-width: 300px) 100vw, 300px\" \/><\/div>\n\t\t\t\t\t<div class=\"wc-block-grid__product-title\">Viol\u00edn Officina Mauro Lucini n\u00ba 23, Cremona 2024 &#8211; VENDIDO<\/div>\n\t\t\t\t<\/a>\n\t\t\t\t<div class=\"wc-block-grid__product-price price\"><span class=\"woocommerce-Price-amount amount\">3.990&nbsp;<span class=\"woocommerce-Price-currencySymbol\">&euro;<\/span><\/span><\/div>\n\t\t\t\t\n\t\t\t\t\n\t\t\t<\/li><li class=\"wc-block-grid__product\">\n\t\t\t\t<a href=\"https:\/\/www.mauro-lucini.it\/es\/negozio-di-violini\/violines-cremona\/violin-officina-mauro-lucini-no-15-cremona-2023\/\" class=\"wc-block-grid__product-link\">\n\t\t\t\t\t\n\t\t\t\t\t<div class=\"wc-block-grid__product-image\"><img loading=\"lazy\" decoding=\"async\" width=\"300\" height=\"300\" src=\"https:\/\/www.mauro-lucini.it\/wp-content\/uploads\/2024\/05\/mauro-lucini-guarneri-15-1-300x300.jpg\" class=\"attachment-woocommerce_thumbnail size-woocommerce_thumbnail\" alt=\"Viol\u00edn Officina Mauro Lucini n\u00ba. 15, Cremona 2023 - VENDIDO\" srcset=\"https:\/\/www.mauro-lucini.it\/wp-content\/uploads\/2024\/05\/mauro-lucini-guarneri-15-1-300x300.jpg 300w, https:\/\/www.mauro-lucini.it\/wp-content\/uploads\/2024\/05\/mauro-lucini-guarneri-15-1-150x150.jpg 150w, https:\/\/www.mauro-lucini.it\/wp-content\/uploads\/2024\/05\/mauro-lucini-guarneri-15-1-100x100.jpg 100w\" sizes=\"auto, (max-width: 300px) 100vw, 300px\" \/><\/div>\n\t\t\t\t\t<div class=\"wc-block-grid__product-title\">Viol\u00edn Officina Mauro Lucini n\u00ba. 15, Cremona 2023 &#8211; VENDIDO<\/div>\n\t\t\t\t<\/a>\n\t\t\t\t<div class=\"wc-block-grid__product-price price\"><span class=\"woocommerce-Price-amount amount\">3.890&nbsp;<span class=\"woocommerce-Price-currencySymbol\">&euro;<\/span><\/span><\/div>\n\t\t\t\t\n\t\t\t\t\n\t\t\t<\/li><\/ul><\/div>\n<figure class=\"wp-block-gallery alignfull has-nested-images columns-default is-cropped wp-block-gallery-1 is-layout-flex wp-block-gallery-is-layout-flex\">\n<figure class=\"wp-block-image size-large\"><img loading=\"lazy\" decoding=\"async\" width=\"1024\" height=\"681\" data-id=\"225\" src=\"https:\/\/www.mauro-lucini.it\/wp-content\/uploads\/2023\/06\/MAURO-LUCINI3-1024x681.jpg\" alt=\"\" class=\"wp-image-225\" srcset=\"https:\/\/www.mauro-lucini.it\/wp-content\/uploads\/2023\/06\/MAURO-LUCINI3-1024x681.jpg 1024w, https:\/\/www.mauro-lucini.it\/wp-content\/uploads\/2023\/06\/MAURO-LUCINI3-300x200.jpg 300w, https:\/\/www.mauro-lucini.it\/wp-content\/uploads\/2023\/06\/MAURO-LUCINI3-768x511.jpg 768w, https:\/\/www.mauro-lucini.it\/wp-content\/uploads\/2023\/06\/MAURO-LUCINI3-1536x1022.jpg 1536w, https:\/\/www.mauro-lucini.it\/wp-content\/uploads\/2023\/06\/MAURO-LUCINI3-2048x1363.jpg 2048w, https:\/\/www.mauro-lucini.it\/wp-content\/uploads\/2023\/06\/MAURO-LUCINI3-600x399.jpg 600w\" sizes=\"auto, (max-width: 1024px) 100vw, 1024px\" \/><\/figure>\n<\/figure>\n","protected":false},"excerpt":{"rendered":"<p>Fabricante de violines en Cremona: d\u00e9cadas de experiencia en artesan\u00eda art\u00edstica Descubre la excelencia de los violines cremonenses con Mauro Lucini, fabricante de violines de renombre internacional, y sus compa\u00f1eros luthiers de Corilon violins srl. En su hist\u00f3rico taller de Piazza San Michele, el luthier Mauro Lucini y sus colegas fabrican y perfeccionan violines que [&hellip;]<\/p>\n","protected":false},"author":1,"featured_media":0,"parent":0,"menu_order":0,"comment_status":"closed","ping_status":"closed","template":"","meta":{"_coblocks_attr":"","_coblocks_dimensions":"","_coblocks_responsive_height":"","_coblocks_accordion_ie_support":"","hide_page_title":"","footnotes":""},"class_list":["post-2437","page","type-page","status-publish","hentry"],"yoast_head":"<!-- This site is optimized with the Yoast SEO plugin v27.5 - https:\/\/yoast.com\/product\/yoast-seo-wordpress\/ -->\n<title>Mauro Lucini - Fabricante de violines en Cremona: Instrumentos art\u00edsticos \u00fanicos<\/title>\n<meta name=\"description\" content=\"Officina Mauro Lucini: Excelencia en Sonido y Belleza - Cremonese Violin Maker in Piazza S. Michele, 7 | +39 327 844 5119\" \/>\n<meta name=\"robots\" content=\"index, follow, max-snippet:-1, max-image-preview:large, max-video-preview:-1\" \/>\n<link rel=\"canonical\" href=\"https:\/\/www.mauro-lucini.it\/es\/\" \/>\n<meta property=\"og:locale\" content=\"es_ES\" \/>\n<meta property=\"og:type\" content=\"article\" \/>\n<meta property=\"og:title\" content=\"Mauro Lucini - Fabricante de violines en Cremona: Instrumentos art\u00edsticos \u00fanicos\" \/>\n<meta property=\"og:description\" content=\"Officina Mauro Lucini: Excelencia en Sonido y Belleza - Cremonese Violin Maker in Piazza S. Michele, 7 | +39 327 844 5119\" \/>\n<meta property=\"og:url\" content=\"https:\/\/www.mauro-lucini.it\/es\/\" \/>\n<meta property=\"og:site_name\" content=\"Mauro Lucini - Liutaio a Cremona\" \/>\n<meta property=\"article:modified_time\" content=\"2025-09-05T20:09:58+00:00\" \/>\n<meta property=\"og:image\" content=\"https:\/\/www.mauro-lucini.it\/wp-content\/uploads\/2023\/05\/crop-0-0-2560-1703-0-DSC_3681x-scaled.jpg\" \/>\n\t<meta property=\"og:image:width\" content=\"2560\" \/>\n\t<meta property=\"og:image:height\" content=\"1703\" \/>\n\t<meta property=\"og:image:type\" content=\"image\/jpeg\" \/>\n<meta name=\"twitter:card\" content=\"summary_large_image\" \/>\n<!-- \/ Yoast SEO plugin. -->","yoast_head_json":{"title":"Mauro Lucini - Fabricante de violines en Cremona: Instrumentos art\u00edsticos \u00fanicos","description":"Officina Mauro Lucini: Excelencia en Sonido y Belleza - Cremonese Violin Maker in Piazza S. Michele, 7 | +39 327 844 5119","robots":{"index":"index","follow":"follow","max-snippet":"max-snippet:-1","max-image-preview":"max-image-preview:large","max-video-preview":"max-video-preview:-1"},"canonical":"https:\/\/www.mauro-lucini.it\/es\/","og_locale":"es_ES","og_type":"article","og_title":"Mauro Lucini - Fabricante de violines en Cremona: Instrumentos art\u00edsticos \u00fanicos","og_description":"Officina Mauro Lucini: Excelencia en Sonido y Belleza - Cremonese Violin Maker in Piazza S. Michele, 7 | +39 327 844 5119","og_url":"https:\/\/www.mauro-lucini.it\/es\/","og_site_name":"Mauro Lucini - Liutaio a Cremona","article_modified_time":"2025-09-05T20:09:58+00:00","og_image":[{"width":2560,"height":1703,"url":"https:\/\/www.mauro-lucini.it\/wp-content\/uploads\/2023\/05\/crop-0-0-2560-1703-0-DSC_3681x-scaled.jpg","type":"image\/jpeg"}],"twitter_card":"summary_large_image","schema":{"@context":"https:\/\/schema.org","@graph":[{"@type":"WebPage","@id":"https:\/\/www.mauro-lucini.it\/es\/","url":"https:\/\/www.mauro-lucini.it\/es\/","name":"Mauro Lucini - Fabricante de violines en Cremona: Instrumentos art\u00edsticos \u00fanicos","isPartOf":{"@id":"https:\/\/www.mauro-lucini.it\/es\/#website"},"primaryImageOfPage":{"@id":"https:\/\/www.mauro-lucini.it\/es\/#primaryimage"},"image":{"@id":"https:\/\/www.mauro-lucini.it\/es\/#primaryimage"},"thumbnailUrl":"https:\/\/www.mauro-lucini.it\/wp-content\/uploads\/2023\/05\/crop-0-0-2560-1703-0-DSC_3681x-scaled.jpg","datePublished":"2023-05-28T17:32:28+00:00","dateModified":"2025-09-05T20:09:58+00:00","description":"Officina Mauro Lucini: Excelencia en Sonido y Belleza - Cremonese Violin Maker in Piazza S. Michele, 7 | +39 327 844 5119","breadcrumb":{"@id":"https:\/\/www.mauro-lucini.it\/es\/#breadcrumb"},"inLanguage":"es","potentialAction":[{"@type":"ReadAction","target":["https:\/\/www.mauro-lucini.it\/es\/"]}]},{"@type":"ImageObject","inLanguage":"es","@id":"https:\/\/www.mauro-lucini.it\/es\/#primaryimage","url":"https:\/\/www.mauro-lucini.it\/wp-content\/uploads\/2023\/05\/crop-0-0-2560-1703-0-DSC_3681x-scaled.jpg","contentUrl":"https:\/\/www.mauro-lucini.it\/wp-content\/uploads\/2023\/05\/crop-0-0-2560-1703-0-DSC_3681x-scaled.jpg"},{"@type":"BreadcrumbList","@id":"https:\/\/www.mauro-lucini.it\/es\/#breadcrumb","itemListElement":[{"@type":"ListItem","position":1,"name":"Home","item":"https:\/\/www.mauro-lucini.it\/es\/"},{"@type":"ListItem","position":2,"name":"Fabricante de violines en Cremona"}]},{"@type":"WebSite","@id":"https:\/\/www.mauro-lucini.it\/es\/#website","url":"https:\/\/www.mauro-lucini.it\/es\/","name":"Mauro Lucini - Liutaio a Cremona","description":"Mauro Lucini liutaio a Cremona - 40 anni di passione ed esperienza","publisher":{"@id":"https:\/\/www.mauro-lucini.it\/es\/#organization"},"potentialAction":[{"@type":"SearchAction","target":{"@type":"EntryPoint","urlTemplate":"https:\/\/www.mauro-lucini.it\/es\/?s={search_term_string}"},"query-input":{"@type":"PropertyValueSpecification","valueRequired":true,"valueName":"search_term_string"}}],"inLanguage":"es"},{"@type":"Organization","@id":"https:\/\/www.mauro-lucini.it\/es\/#organization","name":"Mauro Lucini - Liutaio a Cremona","url":"https:\/\/www.mauro-lucini.it\/es\/","logo":{"@type":"ImageObject","inLanguage":"es","@id":"https:\/\/www.mauro-lucini.it\/es\/#\/schema\/logo\/image\/","url":"https:\/\/www.mauro-lucini.it\/wp-content\/uploads\/2024\/09\/Mauro-Lucini-Liutaio-Cremona.png","contentUrl":"https:\/\/www.mauro-lucini.it\/wp-content\/uploads\/2024\/09\/Mauro-Lucini-Liutaio-Cremona.png","width":480,"height":84,"caption":"Mauro Lucini - Liutaio a Cremona"},"image":{"@id":"https:\/\/www.mauro-lucini.it\/es\/#\/schema\/logo\/image\/"}}]}},"_links":{"self":[{"href":"https:\/\/www.mauro-lucini.it\/es\/wp-json\/wp\/v2\/pages\/2437","targetHints":{"allow":["GET"]}}],"collection":[{"href":"https:\/\/www.mauro-lucini.it\/es\/wp-json\/wp\/v2\/pages"}],"about":[{"href":"https:\/\/www.mauro-lucini.it\/es\/wp-json\/wp\/v2\/types\/page"}],"author":[{"embeddable":true,"href":"https:\/\/www.mauro-lucini.it\/es\/wp-json\/wp\/v2\/users\/1"}],"replies":[{"embeddable":true,"href":"https:\/\/www.mauro-lucini.it\/es\/wp-json\/wp\/v2\/comments?post=2437"}],"version-history":[{"count":3,"href":"https:\/\/www.mauro-lucini.it\/es\/wp-json\/wp\/v2\/pages\/2437\/revisions"}],"predecessor-version":[{"id":3552,"href":"https:\/\/www.mauro-lucini.it\/es\/wp-json\/wp\/v2\/pages\/2437\/revisions\/3552"}],"wp:attachment":[{"href":"https:\/\/www.mauro-lucini.it\/es\/wp-json\/wp\/v2\/media?parent=2437"}],"curies":[{"name":"wp","href":"https:\/\/api.w.org\/{rel}","templated":true}]}}